{"id":10587,"date":"2022-05-10T13:46:24","date_gmt":"2022-05-10T13:46:24","guid":{"rendered":"https:\/\/www.colescba.org.ar\/portal\/?page_id=10587"},"modified":"2026-03-25T10:22:24","modified_gmt":"2026-03-25T13:22:24","slug":"centro-institucional-de-mediacion","status":"publish","type":"page","link":"https:\/\/www.colescba.org.ar\/portal\/centro-institucional-de-mediacion","title":{"rendered":"Centro Institucional de Mediaci\u00f3n"},"content":{"rendered":"\t\t<div data-elementor-type=\"wp-page\" data-elementor-id=\"10587\" class=\"elementor elementor-10587\" data-elementor-post-type=\"page\">\n\t\t\t\t\t\t<section class=\"elementor-section elementor-top-section elementor-element elementor-element-d18d5b3 elementor-section-boxed elementor-section-height-default elementor-section-height-default\" data-id=\"d18d5b3\" data-element_type=\"section\">\n\t\t\t\t\t\t\t<div class=\"elementor-background-overlay\"><\/div>\n\t\t\t\t\t\t\t<div class=\"elementor-container elementor-column-gap-default\">\n\t\t\t\t\t<div class=\"elementor-column elementor-col-100 elementor-top-column elementor-element elementor-element-c343bbc\" data-id=\"c343bbc\" data-element_type=\"column\">\n\t\t\t<div class=\"elementor-widget-wrap elementor-element-populated\">\n\t\t\t\t\t\t<section class=\"elementor-section elementor-inner-section elementor-element elementor-element-1534a80 elementor-section-boxed elementor-section-height-default elementor-section-height-default\" data-id=\"1534a80\" data-element_type=\"section\">\n\t\t\t\t\t\t<div class=\"elementor-container elementor-column-gap-default\">\n\t\t\t\t\t<div class=\"elementor-column elementor-col-100 elementor-inner-column elementor-element elementor-element-9e8d569\" data-id=\"9e8d569\" data-element_type=\"column\">\n\t\t\t<div class=\"elementor-widget-wrap elementor-element-populated\">\n\t\t\t\t\t\t<div class=\"elementor-element elementor-element-1887272 elementor-widget elementor-widget-heading\" data-id=\"1887272\" data-element_type=\"widget\" data-widget_type=\"heading.default\">\n\t\t\t\t<div class=\"elementor-widget-container\">\n\t\t\t<h1 class=\"elementor-heading-title elementor-size-default\">Centro Institucional de Mediaci\u00f3n<\/h1>\t\t<\/div>\n\t\t\t\t<\/div>\n\t\t\t\t\t<\/div>\n\t\t<\/div>\n\t\t\t\t\t<\/div>\n\t\t<\/section>\n\t\t\t\t\t<\/div>\n\t\t<\/div>\n\t\t\t\t\t<\/div>\n\t\t<\/section>\n\t\t\t\t<section class=\"elementor-section elementor-top-section elementor-element elementor-element-a61f31d elementor-section-boxed elementor-section-height-default elementor-section-height-default\" data-id=\"a61f31d\" data-element_type=\"section\">\n\t\t\t\t\t\t<div class=\"elementor-container elementor-column-gap-extended\">\n\t\t\t\t\t<div class=\"elementor-column elementor-col-50 elementor-top-column elementor-element elementor-element-ffdfc6a\" data-id=\"ffdfc6a\" data-element_type=\"column\">\n\t\t\t<div class=\"elementor-widget-wrap elementor-element-populated\">\n\t\t\t\t\t\t<div class=\"elementor-element elementor-element-96b6be4 elementor-widget elementor-widget-heading\" data-id=\"96b6be4\" data-element_type=\"widget\" data-widget_type=\"heading.default\">\n\t\t\t\t<div class=\"elementor-widget-container\">\n\t\t\t<h2 class=\"elementor-heading-title elementor-size-medium\">El Centro Institucional de Mediaci\u00f3n \"Juan Jos\u00e9 Cinqualbrez\" tiene como objetivo realizar mediaciones voluntarias (Ley 13951) difundir la mediaci\u00f3n, sus principios y caracter\u00edsticas, formar personas mediadoras, crear los Centros en cada una de las Delegaciones del Colegio de Escribanos, organizar congresos, foros, jornadas, talleres,cursos, firmar convenios de colaboraci\u00f3n con entidades nacionales y extranjeras.\nNuestra visi\u00f3n es propiciar la participaci\u00f3n social activa en la gesti\u00f3n de los conflictos, que permitir\u00e1 la co-construcci\u00f3n de una convivencia pac\u00edfica, y nuestra misi\u00f3n es contribuir a trav\u00e9s de procesos de consenso y di\u00e1logo al acceso a justicia de todos los componentes sociales.<\/h2>\t\t<\/div>\n\t\t\t\t<\/div>\n\t\t\t\t<div class=\"elementor-element elementor-element-0a887fa elementor-widget elementor-widget-heading\" data-id=\"0a887fa\" data-element_type=\"widget\" data-widget_type=\"heading.default\">\n\t\t\t\t<div class=\"elementor-widget-container\">\n\t\t\t<h2 class=\"elementor-heading-title elementor-size-default\">\u00bfQui\u00e9nes son las personas mediadoras?\n<\/h2>\t\t<\/div>\n\t\t\t\t<\/div>\n\t\t\t\t<div class=\"elementor-element elementor-element-9d3761c elementor-widget elementor-widget-text-editor\" data-id=\"9d3761c\" data-element_type=\"widget\" data-widget_type=\"text-editor.default\">\n\t\t\t\t<div class=\"elementor-widget-container\">\n\t\t\t\t\t\t\t<p>Personas formadas y capacitadas en recursos y t\u00e9cnicas en el arte de gestionar los conflictos, y de comunicaci\u00f3n efectiva. Sus funciones son:\u00a0<\/p><ul><li>Acompa\u00f1ar a las partes en el marco de un espacio confiable.<\/li><li>Guiar el proceso.\u00a0<\/li><li>Facilitar el di\u00e1logo entre las partes.\u00a0<\/li><li>Equilibrar las diferencias.\u00a0<\/li><li>Promover la escucha activa.<\/li><li>Mantener un clima de respeto.\u00a0<\/li><li>No juzgar ni decidir por las partes.<\/li><\/ul>\t\t\t\t\t\t<\/div>\n\t\t\t\t<\/div>\n\t\t\t\t<div class=\"elementor-element elementor-element-168f04d elementor-widget elementor-widget-heading\" data-id=\"168f04d\" data-element_type=\"widget\" data-widget_type=\"heading.default\">\n\t\t\t\t<div class=\"elementor-widget-container\">\n\t\t\t<h2 class=\"elementor-heading-title elementor-size-default\">Ventajas<\/h2>\t\t<\/div>\n\t\t\t\t<\/div>\n\t\t\t\t<div class=\"elementor-element elementor-element-56aa9bf elementor-widget elementor-widget-text-editor\" data-id=\"56aa9bf\" data-element_type=\"widget\" data-widget_type=\"text-editor.default\">\n\t\t\t\t<div class=\"elementor-widget-container\">\n\t\t\t\t\t\t\t<ul><li>Brinda un espacio confiable para el di\u00e1logo.<\/li><li>Es un procedimiento breve y econ\u00f3mico.\u00a0<\/li><li>Las partes acuerdan la soluci\u00f3n a su conflicto en forma cooperativa.\u00a0<\/li><li>Asegura el secreto de lo manifestado. Ayuda a consolidar los v\u00ednculos y equilibrar el poder<\/li><\/ul>\t\t\t\t\t\t<\/div>\n\t\t\t\t<\/div>\n\t\t\t\t\t<\/div>\n\t\t<\/div>\n\t\t\t\t<div class=\"elementor-column elementor-col-50 elementor-top-column elementor-element elementor-element-7d8a397\" data-id=\"7d8a397\" data-element_type=\"column\">\n\t\t\t<div class=\"elementor-widget-wrap elementor-element-populated\">\n\t\t\t\t\t\t<div class=\"elementor-element elementor-element-12a19c1 elementor-widget elementor-widget-heading\" data-id=\"12a19c1\" data-element_type=\"widget\" data-widget_type=\"heading.default\">\n\t\t\t\t<div class=\"elementor-widget-container\">\n\t\t\t<h2 class=\"elementor-heading-title elementor-size-default\">Las partes<\/h2>\t\t<\/div>\n\t\t\t\t<\/div>\n\t\t\t\t<div class=\"elementor-element elementor-element-7403469 elementor-widget elementor-widget-text-editor\" data-id=\"7403469\" data-element_type=\"widget\" data-widget_type=\"text-editor.default\">\n\t\t\t\t<div class=\"elementor-widget-container\">\n\t\t\t\t\t\t\t<ul><li>Son las protagonistas del proceso de mediaci\u00f3n.<\/li><li>Pasar\u00e1n a ser de dos partes en conflicto a ser dos partes frente al conflicto.<\/li><li>Pueden acudir a la mediaci\u00f3n por s\u00ed mismas o acompa\u00f1adas de sus abogados.<\/li><\/ul>\t\t\t\t\t\t<\/div>\n\t\t\t\t<\/div>\n\t\t\t\t<div class=\"elementor-element elementor-element-4016596 elementor-widget elementor-widget-heading\" data-id=\"4016596\" data-element_type=\"widget\" data-widget_type=\"heading.default\">\n\t\t\t\t<div class=\"elementor-widget-container\">\n\t\t\t<h2 class=\"elementor-heading-title elementor-size-default\">\u00bfQu\u00e9 es la cl\u00e1usula de mediaci\u00f3n?<\/h2>\t\t<\/div>\n\t\t\t\t<\/div>\n\t\t\t\t<div class=\"elementor-element elementor-element-acf47b6 elementor-widget elementor-widget-text-editor\" data-id=\"acf47b6\" data-element_type=\"widget\" data-widget_type=\"text-editor.default\">\n\t\t\t\t<div class=\"elementor-widget-container\">\n\t\t\t\t\t\t\t<p>Es una disposici\u00f3n sugerida por el Colegio de Escribanos para que se incorpore en todos los contratos y reglamentos en las que el notario intervenga. Se trata de agregar una leyenda donde se estipule que \u201cpara el caso de que entre las partes del contrato se suscitaren divergencias o situaciones conflictivas adversariales (\u2026), los otorgantes acuerdan voluntariamente someterse para su soluci\u00f3n al procedimiento de Mediaci\u00f3n Voluntaria (Ley 13951), mediante la intervenci\u00f3n de las personas mediadoras del \u2018Centro Institucional de Mediaci\u00f3n del Colegio de Escribanos de la Provincia de Buenos Aires\u2019 con sede en Avenida 13 N\u00b0 770 de la ciudad de La Plata (o a su Centro de Mediaci\u00f3n de la Delegaci\u00f3n&#8230; de dicha Instituci\u00f3n, con domicilio en&#8230;\u00bb<\/p>\t\t\t\t\t\t<\/div>\n\t\t\t\t<\/div>\n\t\t\t\t<div class=\"elementor-element elementor-element-21f4479 elementor-widget elementor-widget-heading\" data-id=\"21f4479\" data-element_type=\"widget\" data-widget_type=\"heading.default\">\n\t\t\t\t<div class=\"elementor-widget-container\">\n\t\t\t<h2 class=\"elementor-heading-title elementor-size-default\">\u00bfD\u00f3nde puede estar inserta esta cl\u00e1usula?\n<\/h2>\t\t<\/div>\n\t\t\t\t<\/div>\n\t\t\t\t<div class=\"elementor-element elementor-element-6028b1d elementor-widget elementor-widget-text-editor\" data-id=\"6028b1d\" data-element_type=\"widget\" data-widget_type=\"text-editor.default\">\n\t\t\t\t<div class=\"elementor-widget-container\">\n\t\t\t\t\t\t\t<p>Esta cl\u00e1usula podr\u00e1 estar, por ejemplo, en: boletos de compraventa; contratos de locaci\u00f3n; contratos de comodato; constituci\u00f3n de hipotecas; contratos de sociedades comerciales; constituci\u00f3n de uso; habitaci\u00f3n, servidumbre; constituci\u00f3n de usufructo; constituci\u00f3n de sociedades civiles; constituci\u00f3n de clubes deportivos; estatutos de asociaciones; estatutos de sociedades barriales y de fomento; constituci\u00f3n de fundaciones; reglamentos de propiedad horizontal; constituci\u00f3n y disoluci\u00f3n de condominios, entre otros.<\/p>\t\t\t\t\t\t<\/div>\n\t\t\t\t<\/div>\n\t\t\t\t\t<\/div>\n\t\t<\/div>\n\t\t\t\t\t<\/div>\n\t\t<\/section>\n\t\t\t\t<section class=\"elementor-section elementor-top-section elementor-element elementor-element-b7f8eb3 elementor-section-boxed elementor-section-height-default elementor-section-height-default\" data-id=\"b7f8eb3\" data-element_type=\"section\">\n\t\t\t\t\t\t<div class=\"elementor-container elementor-column-gap-default\">\n\t\t\t\t\t<div class=\"elementor-column elementor-col-100 elementor-top-column elementor-element elementor-element-9669271\" data-id=\"9669271\" data-element_type=\"column\" data-settings=\"{&quot;background_background&quot;:&quot;classic&quot;}\">\n\t\t\t<div class=\"elementor-widget-wrap elementor-element-populated\">\n\t\t\t\t\t\t<div class=\"elementor-element elementor-element-dacee26 elementor-widget elementor-widget-heading\" data-id=\"dacee26\" data-element_type=\"widget\" data-widget_type=\"heading.default\">\n\t\t\t\t<div class=\"elementor-widget-container\">\n\t\t\t<h2 class=\"elementor-heading-title elementor-size-default\">Cl\u00e1usula sugerida<\/h2>\t\t<\/div>\n\t\t\t\t<\/div>\n\t\t\t\t<div class=\"elementor-element elementor-element-f11bbca elementor-widget elementor-widget-text-editor\" data-id=\"f11bbca\" data-element_type=\"widget\" data-widget_type=\"text-editor.default\">\n\t\t\t\t<div class=\"elementor-widget-container\">\n\t\t\t\t\t\t\t<div id=\"maininner\" class=\"grid-box\"><section id=\"content\" class=\"grid-block\"><div id=\"system\"><article class=\"item\" data-permalink=\"http:\/\/www.colescba.org.ar\/portal\/organismos\/29-centro-de-mediacion\/221-clausula-sugerida.html\"><div class=\"content clearfix\"><p>\u201cPara el caso de que entre las partes del presente contrato se suscitaren divergencias o situaciones controvertidas originadas con motivo de sus declaraciones o estipulaciones, las partes pactan recurrir para su gesti\u00f3n adecuada al proceso de Mediaci\u00f3n Voluntaria, en el marco de la ley 13951, con la intervenci\u00f3n de los mediadores habilitados. A tal efecto deber\u00e1n concurrir al Centro de Mediaci\u00f3n de la Delegaci\u00f3n&#8230; del Colegio de Escribanos de la Provincia de Buenos Aires de&#8230;, con domicilio en&#8230;\u201d <\/p><\/div><\/article><\/div><\/section><\/div><aside id=\"sidebar-a\" class=\"grid-box\"><\/aside>\t\t\t\t\t\t<\/div>\n\t\t\t\t<\/div>\n\t\t\t\t\t<\/div>\n\t\t<\/div>\n\t\t\t\t\t<\/div>\n\t\t<\/section>\n\t\t\t\t<section class=\"elementor-section elementor-top-section elementor-element elementor-element-55c5b14 elementor-section-boxed elementor-section-height-default elementor-section-height-default\" data-id=\"55c5b14\" data-element_type=\"section\" data-settings=\"{&quot;background_background&quot;:&quot;classic&quot;}\">\n\t\t\t\t\t\t<div class=\"elementor-container elementor-column-gap-default\">\n\t\t\t\t\t<div class=\"elementor-column elementor-col-100 elementor-top-column elementor-element elementor-element-a6c6e03\" data-id=\"a6c6e03\" data-element_type=\"column\">\n\t\t\t<div class=\"elementor-widget-wrap elementor-element-populated\">\n\t\t\t\t\t\t<div class=\"elementor-element elementor-element-98aba8e elementor-widget elementor-widget-heading\" data-id=\"98aba8e\" data-element_type=\"widget\" data-widget_type=\"heading.default\">\n\t\t\t\t<div class=\"elementor-widget-container\">\n\t\t\t<h2 class=\"elementor-heading-title elementor-size-default\">Cursos y talleres<\/h2>\t\t<\/div>\n\t\t\t\t<\/div>\n\t\t\t\t<section class=\"elementor-section elementor-inner-section elementor-element elementor-element-9a2fbad elementor-section-boxed elementor-section-height-default elementor-section-height-default elementor-invisible\" data-id=\"9a2fbad\" data-element_type=\"section\" data-settings=\"{&quot;animation&quot;:&quot;slideInUp&quot;}\">\n\t\t\t\t\t\t<div class=\"elementor-container elementor-column-gap-default\">\n\t\t\t\t\t<div class=\"elementor-column elementor-col-25 elementor-inner-column elementor-element elementor-element-d08a83d\" data-id=\"d08a83d\" data-element_type=\"column\">\n\t\t\t<div class=\"elementor-widget-wrap elementor-element-populated\">\n\t\t\t\t\t\t<div class=\"elementor-element elementor-element-a47bf94 elementor-flip-box--direction-down elementor-flip-box--effect-slide elementor-widget elementor-widget-flip-box\" data-id=\"a47bf94\" data-element_type=\"widget\" data-widget_type=\"flip-box.default\">\n\t\t\t\t<div class=\"elementor-widget-container\">\n\t\t\t\t\t<div class=\"elementor-flip-box\" tabindex=\"0\">\n\t\t\t<div class=\"elementor-flip-box__layer elementor-flip-box__front\">\n\t\t\t\t<div class=\"elementor-flip-box__layer__overlay\">\n\t\t\t\t\t<div class=\"elementor-flip-box__layer__inner\">\n\t\t\t\t\t\t\n\t\t\t\t\t\t\n\t\t\t\t\t\t\t\t\t\t\t<\/div>\n\t\t\t\t<\/div>\n\t\t\t<\/div>\n\t\t\t<a class=\"elementor-flip-box__layer elementor-flip-box__back\" href=\"https:\/\/docs.google.com\/forms\/d\/16V7TKoMdF4xN57IPAgf8pjDLSmIPNSujG0IVu_75SHQ\/edit?pli=1\" target=\"_blank\">\n\t\t\t<div class=\"elementor-flip-box__layer__overlay\">\n\t\t\t\t<div class=\"elementor-flip-box__layer__inner\">\n\t\t\t\t\t\t\t\t\t\t\t<h3 class=\"elementor-flip-box__layer__title\">\n\t\t\t\t\t\t\tCurso de mediaci\u00f3n voluntaria\u200b\t\t\t\t\t\t<\/h3>\n\t\t\t\t\t\n\t\t\t\t\t\t\t\t\t\t\t<div class=\"elementor-flip-box__layer__description\">\n\t\t\t\t\t\t\tD\u00edas martes: del 7\/4 al 24\/11<br>\nHorario: de 18 a 20 hs.<br>\nPlataforma Zoom\t\t\t\t\t\t<\/div>\n\t\t\t\t\t\n\t\t\t\t\t\t\t\t\t\t\t<span class=\"elementor-flip-box__button elementor-button elementor-size-sm\">\n\t\t\t\t\t\t\tInscripci\u00f3n\t\t\t\t\t\t<\/span>\n\t\t\t\t\t\t\t\t<\/div>\n\t\t<\/div>\n\t\t<\/a>\n\t\t<\/div>\n\t\t\t\t<\/div>\n\t\t\t\t<\/div>\n\t\t\t\t\t<\/div>\n\t\t<\/div>\n\t\t\t\t<div class=\"elementor-column elementor-col-25 elementor-inner-column elementor-element elementor-element-cf2a8c9\" data-id=\"cf2a8c9\" data-element_type=\"column\">\n\t\t\t<div class=\"elementor-widget-wrap elementor-element-populated\">\n\t\t\t\t\t\t<div class=\"elementor-element elementor-element-289b7f8 elementor-flip-box--direction-down elementor-flip-box--effect-slide elementor-widget elementor-widget-flip-box\" data-id=\"289b7f8\" data-element_type=\"widget\" data-widget_type=\"flip-box.default\">\n\t\t\t\t<div class=\"elementor-widget-container\">\n\t\t\t\t\t<div class=\"elementor-flip-box\" tabindex=\"0\">\n\t\t\t<div class=\"elementor-flip-box__layer elementor-flip-box__front\">\n\t\t\t\t<div class=\"elementor-flip-box__layer__overlay\">\n\t\t\t\t\t<div class=\"elementor-flip-box__layer__inner\">\n\t\t\t\t\t\t\n\t\t\t\t\t\t\n\t\t\t\t\t\t\t\t\t\t\t<\/div>\n\t\t\t\t<\/div>\n\t\t\t<\/div>\n\t\t\t<a class=\"elementor-flip-box__layer elementor-flip-box__back\" href=\"https:\/\/docs.google.com\/forms\/d\/e\/1FAIpQLSfa9fHlVdr7C8-7YAjCNeURN2O6K7Zqbb29dOJmUUIrHB4wMw\/viewform?usp=publish-editor\" target=\"_blank\">\n\t\t\t<div class=\"elementor-flip-box__layer__overlay\">\n\t\t\t\t<div class=\"elementor-flip-box__layer__inner\">\n\t\t\t\t\t\t\t\t\t\t\t<h3 class=\"elementor-flip-box__layer__title\">\n\t\t\t\t\t\t\tEl poder de las palabras\t\t\t\t\t\t<\/h3>\n\t\t\t\t\t\n\t\t\t\t\t\t\t\t\t\t\t<div class=\"elementor-flip-box__layer__description\">\n\t\t\t\t\t\t\tD\u00eda lunes 27\/4<br>\nHorario: a las 15 hs.<br>\nPlataforma Zoom\t\t\t\t\t\t<\/div>\n\t\t\t\t\t\n\t\t\t\t\t\t\t\t\t\t\t<span class=\"elementor-flip-box__button elementor-button elementor-size-sm\">\n\t\t\t\t\t\t\tInscripci\u00f3n\t\t\t\t\t\t<\/span>\n\t\t\t\t\t\t\t\t<\/div>\n\t\t<\/div>\n\t\t<\/a>\n\t\t<\/div>\n\t\t\t\t<\/div>\n\t\t\t\t<\/div>\n\t\t\t\t\t<\/div>\n\t\t<\/div>\n\t\t\t\t<div class=\"elementor-column elementor-col-25 elementor-inner-column elementor-element elementor-element-a7dabf2\" data-id=\"a7dabf2\" data-element_type=\"column\">\n\t\t\t<div class=\"elementor-widget-wrap elementor-element-populated\">\n\t\t\t\t\t\t<div class=\"elementor-element elementor-element-dd85c2c elementor-flip-box--direction-down elementor-flip-box--effect-slide elementor-widget elementor-widget-flip-box\" data-id=\"dd85c2c\" data-element_type=\"widget\" data-widget_type=\"flip-box.default\">\n\t\t\t\t<div class=\"elementor-widget-container\">\n\t\t\t\t\t<div class=\"elementor-flip-box\" tabindex=\"0\">\n\t\t\t<div class=\"elementor-flip-box__layer elementor-flip-box__front\">\n\t\t\t\t<div class=\"elementor-flip-box__layer__overlay\">\n\t\t\t\t\t<div class=\"elementor-flip-box__layer__inner\">\n\t\t\t\t\t\t\n\t\t\t\t\t\t\n\t\t\t\t\t\t\t\t\t\t\t<\/div>\n\t\t\t\t<\/div>\n\t\t\t<\/div>\n\t\t\t<a class=\"elementor-flip-box__layer elementor-flip-box__back\" href=\"https:\/\/docs.google.com\/forms\/d\/e\/1FAIpQLScg-zVtYIH-adDoHRy_lLYl6YAEBNk30cCzVpxu3pr4XU708A\/viewform?usp=publish-editor\" target=\"_blank\">\n\t\t\t<div class=\"elementor-flip-box__layer__overlay\">\n\t\t\t\t<div class=\"elementor-flip-box__layer__inner\">\n\t\t\t\t\t\t\t\t\t\t\t<h3 class=\"elementor-flip-box__layer__title\">\n\t\t\t\t\t\t\tConversaciones dif\u00edciles\t\t\t\t\t\t<\/h3>\n\t\t\t\t\t\n\t\t\t\t\t\t\t\t\t\t\t<div class=\"elementor-flip-box__layer__description\">\n\t\t\t\t\t\t\tD\u00eda lunes 11\/5<br>\nHorario: a las 15 hs.<br>\nPlataforma Zoom\t\t\t\t\t\t<\/div>\n\t\t\t\t\t\n\t\t\t\t\t\t\t\t\t\t\t<span class=\"elementor-flip-box__button elementor-button elementor-size-sm\">\n\t\t\t\t\t\t\tInscripci\u00f3n\t\t\t\t\t\t<\/span>\n\t\t\t\t\t\t\t\t<\/div>\n\t\t<\/div>\n\t\t<\/a>\n\t\t<\/div>\n\t\t\t\t<\/div>\n\t\t\t\t<\/div>\n\t\t\t\t\t<\/div>\n\t\t<\/div>\n\t\t\t\t<div class=\"elementor-column elementor-col-25 elementor-inner-column elementor-element elementor-element-63af800\" data-id=\"63af800\" data-element_type=\"column\">\n\t\t\t<div class=\"elementor-widget-wrap elementor-element-populated\">\n\t\t\t\t\t\t<div class=\"elementor-element elementor-element-27eec50 elementor-flip-box--direction-down elementor-flip-box--effect-slide elementor-hidden-desktop elementor-hidden-tablet elementor-hidden-mobile elementor-widget elementor-widget-flip-box\" data-id=\"27eec50\" data-element_type=\"widget\" data-widget_type=\"flip-box.default\">\n\t\t\t\t<div class=\"elementor-widget-container\">\n\t\t\t\t\t<div class=\"elementor-flip-box\" tabindex=\"0\">\n\t\t\t<div class=\"elementor-flip-box__layer elementor-flip-box__front\">\n\t\t\t\t<div class=\"elementor-flip-box__layer__overlay\">\n\t\t\t\t\t<div class=\"elementor-flip-box__layer__inner\">\n\t\t\t\t\t\t\n\t\t\t\t\t\t\n\t\t\t\t\t\t\t\t\t\t\t<\/div>\n\t\t\t\t<\/div>\n\t\t\t<\/div>\n\t\t\t<a class=\"elementor-flip-box__layer elementor-flip-box__back\" href=\"https:\/\/docs.google.com\/forms\/d\/1cnbYMOtbsC4RfVY9R1Bo940CLCh1-4fDM90qe0f3bsY\/edit\" target=\"_blank\">\n\t\t\t<div class=\"elementor-flip-box__layer__overlay\">\n\t\t\t\t<div class=\"elementor-flip-box__layer__inner\">\n\t\t\t\t\t\t\t\t\t\t\t<h3 class=\"elementor-flip-box__layer__title\">\n\t\t\t\t\t\t\tCurso de comunicaci\u00f3n y emociones\t\t\t\t\t\t<\/h3>\n\t\t\t\t\t\n\t\t\t\t\t\t\t\t\t\t\t<div class=\"elementor-flip-box__layer__description\">\n\t\t\t\t\t\t\tD\u00eda mi\u00e9rcoles 11\/3<br>\nHorario: a las 15 hs.<br>\nPlataforma Zoom\t\t\t\t\t\t<\/div>\n\t\t\t\t\t\n\t\t\t\t\t\t\t\t\t\t\t<span class=\"elementor-flip-box__button elementor-button elementor-size-sm\">\n\t\t\t\t\t\t\tInscripci\u00f3n\t\t\t\t\t\t<\/span>\n\t\t\t\t\t\t\t\t<\/div>\n\t\t<\/div>\n\t\t<\/a>\n\t\t<\/div>\n\t\t\t\t<\/div>\n\t\t\t\t<\/div>\n\t\t\t\t\t<\/div>\n\t\t<\/div>\n\t\t\t\t\t<\/div>\n\t\t<\/section>\n\t\t\t\t\t<\/div>\n\t\t<\/div>\n\t\t\t\t\t<\/div>\n\t\t<\/section>\n\t\t\t\t<section class=\"elementor-section elementor-top-section elementor-element elementor-element-c4ca5a9 elementor-section-boxed elementor-section-height-default elementor-section-height-default\" data-id=\"c4ca5a9\" data-element_type=\"section\" data-settings=\"{&quot;background_background&quot;:&quot;classic&quot;}\">\n\t\t\t\t\t\t\t<div class=\"elementor-background-overlay\"><\/div>\n\t\t\t\t\t\t\t<div class=\"elementor-container elementor-column-gap-default\">\n\t\t\t\t\t<div class=\"elementor-column elementor-col-100 elementor-top-column elementor-element elementor-element-8c8c907\" data-id=\"8c8c907\" data-element_type=\"column\">\n\t\t\t<div class=\"elementor-widget-wrap elementor-element-populated\">\n\t\t\t\t\t\t<div class=\"elementor-element elementor-element-5f979cc elementor-widget elementor-widget-heading\" data-id=\"5f979cc\" data-element_type=\"widget\" data-widget_type=\"heading.default\">\n\t\t\t\t<div class=\"elementor-widget-container\">\n\t\t\t<h2 class=\"elementor-heading-title elementor-size-default\">Novedades\n<\/h2>\t\t<\/div>\n\t\t\t\t<\/div>\n\t\t\t\t\t<\/div>\n\t\t<\/div>\n\t\t\t\t\t<\/div>\n\t\t<\/section>\n\t\t\t\t<section class=\"elementor-section elementor-top-section elementor-element elementor-element-8923ff3 elementor-section-boxed elementor-section-height-default elementor-section-height-default\" data-id=\"8923ff3\" data-element_type=\"section\" data-settings=\"{&quot;background_background&quot;:&quot;classic&quot;}\">\n\t\t\t\t\t\t<div class=\"elementor-container elementor-column-gap-default\">\n\t\t\t\t\t<div class=\"elementor-column elementor-col-100 elementor-top-column elementor-element elementor-element-697373d\" data-id=\"697373d\" data-element_type=\"column\">\n\t\t\t<div class=\"elementor-widget-wrap elementor-element-populated\">\n\t\t\t\t\t\t<div class=\"elementor-element elementor-element-86babe0 elementor-grid-2 elementor-posts--thumbnail-left elementor-grid-tablet-2 elementor-grid-mobile-1 elementor-widget elementor-widget-posts\" data-id=\"86babe0\" data-element_type=\"widget\" data-settings=\"{&quot;classic_columns&quot;:&quot;2&quot;,&quot;classic_row_gap&quot;:{&quot;unit&quot;:&quot;px&quot;,&quot;size&quot;:30,&quot;sizes&quot;:[]},&quot;pagination_type&quot;:&quot;numbers_and_prev_next&quot;,&quot;classic_columns_tablet&quot;:&quot;2&quot;,&quot;classic_columns_mobile&quot;:&quot;1&quot;,&quot;classic_row_gap_tablet&quot;:{&quot;unit&quot;:&quot;px&quot;,&quot;size&quot;:&quot;&quot;,&quot;sizes&quot;:[]},&quot;classic_row_gap_mobile&quot;:{&quot;unit&quot;:&quot;px&quot;,&quot;size&quot;:&quot;&quot;,&quot;sizes&quot;:[]}}\" data-widget_type=\"posts.classic\">\n\t\t\t\t<div class=\"elementor-widget-container\">\n\t\t\t\t\t<div class=\"elementor-posts-container elementor-posts elementor-posts--skin-classic elementor-grid\">\n\t\t\t\t<article class=\"elementor-post elementor-grid-item post-62637 post type-post status-publish format-standard has-post-thumbnail hentry category-centro-institucional-de-mediacion\">\n\t\t\t\t<a class=\"elementor-post__thumbnail__link\" href=\"https:\/\/www.colescba.org.ar\/portal\/novedades\/centro-institucional-de-mediacion\/se-realizo-la-primera-reunion-de-directores-en-el-centro-de-mediacion-28-04-2026\" tabindex=\"-1\" >\n\t\t\t<div class=\"elementor-post__thumbnail\"><img fetchpriority=\"high\" decoding=\"async\" width=\"2560\" height=\"1920\" src=\"https:\/\/www.colescba.org.ar\/portal\/wp-content\/uploads\/2026\/04\/IMG_6556-scaled.jpeg\" class=\"attachment-full size-full wp-image-62641\" alt=\"\" srcset=\"https:\/\/www.colescba.org.ar\/portal\/wp-content\/uploads\/2026\/04\/IMG_6556-scaled.jpeg 2560w, https:\/\/www.colescba.org.ar\/portal\/wp-content\/uploads\/2026\/04\/IMG_6556-300x225.jpeg 300w, https:\/\/www.colescba.org.ar\/portal\/wp-content\/uploads\/2026\/04\/IMG_6556-1024x768.jpeg 1024w, https:\/\/www.colescba.org.ar\/portal\/wp-content\/uploads\/2026\/04\/IMG_6556-768x576.jpeg 768w, https:\/\/www.colescba.org.ar\/portal\/wp-content\/uploads\/2026\/04\/IMG_6556-50x38.jpeg 50w, https:\/\/www.colescba.org.ar\/portal\/wp-content\/uploads\/2026\/04\/IMG_6556-1600x1200.jpeg 1600w, https:\/\/www.colescba.org.ar\/portal\/wp-content\/uploads\/2026\/04\/IMG_6556-1536x1152.jpeg 1536w, https:\/\/www.colescba.org.ar\/portal\/wp-content\/uploads\/2026\/04\/IMG_6556-2048x1536.jpeg 2048w\" sizes=\"(max-width: 2560px) 100vw, 2560px\" \/><\/div>\n\t\t<\/a>\n\t\t\t\t<div class=\"elementor-post__text\">\n\t\t\t\t<h3 class=\"elementor-post__title\">\n\t\t\t<a href=\"https:\/\/www.colescba.org.ar\/portal\/novedades\/centro-institucional-de-mediacion\/se-realizo-la-primera-reunion-de-directores-en-el-centro-de-mediacion-28-04-2026\" >\n\t\t\t\tSe realiz\u00f3 la primera reuni\u00f3n de Directores en el Centro de Mediaci\u00f3n\t\t\t<\/a>\n\t\t<\/h3>\n\t\t\n\t\t<a class=\"elementor-post__read-more\" href=\"https:\/\/www.colescba.org.ar\/portal\/novedades\/centro-institucional-de-mediacion\/se-realizo-la-primera-reunion-de-directores-en-el-centro-de-mediacion-28-04-2026\" aria-label=\"M\u00e1s informaci\u00f3n sobre Se realiz\u00f3 la primera reuni\u00f3n de Directores en el Centro de Mediaci\u00f3n\" tabindex=\"-1\" >\n\t\t\tVer m\u00e1s +\t\t<\/a>\n\n\t\t\t\t<\/div>\n\t\t\t\t<\/article>\n\t\t\t\t<article class=\"elementor-post elementor-grid-item post-62626 post type-post status-publish format-standard has-post-thumbnail hentry category-centro-institucional-de-mediacion\">\n\t\t\t\t<a class=\"elementor-post__thumbnail__link\" href=\"https:\/\/www.colescba.org.ar\/portal\/novedades\/centro-institucional-de-mediacion\/comenzo-la-segunda-edicion-de-mediacion-voluntaria-una-nueva-oportunidad-de-formacion-y-crecimiento-28-04-2026\" tabindex=\"-1\" >\n\t\t\t<div class=\"elementor-post__thumbnail\"><img decoding=\"async\" width=\"1080\" height=\"1350\" src=\"https:\/\/www.colescba.org.ar\/portal\/wp-content\/uploads\/2026\/04\/7cefdb93-603f-412f-bbd9-dc8eb31d91bb.jpeg\" class=\"attachment-full size-full wp-image-62627\" alt=\"\" srcset=\"https:\/\/www.colescba.org.ar\/portal\/wp-content\/uploads\/2026\/04\/7cefdb93-603f-412f-bbd9-dc8eb31d91bb.jpeg 1080w, https:\/\/www.colescba.org.ar\/portal\/wp-content\/uploads\/2026\/04\/7cefdb93-603f-412f-bbd9-dc8eb31d91bb-240x300.jpeg 240w, https:\/\/www.colescba.org.ar\/portal\/wp-content\/uploads\/2026\/04\/7cefdb93-603f-412f-bbd9-dc8eb31d91bb-819x1024.jpeg 819w, https:\/\/www.colescba.org.ar\/portal\/wp-content\/uploads\/2026\/04\/7cefdb93-603f-412f-bbd9-dc8eb31d91bb-768x960.jpeg 768w, https:\/\/www.colescba.org.ar\/portal\/wp-content\/uploads\/2026\/04\/7cefdb93-603f-412f-bbd9-dc8eb31d91bb-50x63.jpeg 50w\" sizes=\"(max-width: 1080px) 100vw, 1080px\" \/><\/div>\n\t\t<\/a>\n\t\t\t\t<div class=\"elementor-post__text\">\n\t\t\t\t<h3 class=\"elementor-post__title\">\n\t\t\t<a href=\"https:\/\/www.colescba.org.ar\/portal\/novedades\/centro-institucional-de-mediacion\/comenzo-la-segunda-edicion-de-mediacion-voluntaria-una-nueva-oportunidad-de-formacion-y-crecimiento-28-04-2026\" >\n\t\t\t\tComenz\u00f3 la segunda edici\u00f3n de Mediaci\u00f3n Voluntaria, una nueva oportunidad de formaci\u00f3n y crecimiento\t\t\t<\/a>\n\t\t<\/h3>\n\t\t\n\t\t<a class=\"elementor-post__read-more\" href=\"https:\/\/www.colescba.org.ar\/portal\/novedades\/centro-institucional-de-mediacion\/comenzo-la-segunda-edicion-de-mediacion-voluntaria-una-nueva-oportunidad-de-formacion-y-crecimiento-28-04-2026\" aria-label=\"M\u00e1s informaci\u00f3n sobre Comenz\u00f3 la segunda edici\u00f3n de Mediaci\u00f3n Voluntaria, una nueva oportunidad de formaci\u00f3n y crecimiento\" tabindex=\"-1\" >\n\t\t\tVer m\u00e1s +\t\t<\/a>\n\n\t\t\t\t<\/div>\n\t\t\t\t<\/article>\n\t\t\t\t<article class=\"elementor-post elementor-grid-item post-62367 post type-post status-publish format-standard has-post-thumbnail hentry category-centro-institucional-de-mediacion\">\n\t\t\t\t<a class=\"elementor-post__thumbnail__link\" href=\"https:\/\/www.colescba.org.ar\/portal\/novedades\/centro-institucional-de-mediacion\/comenzo-la-capacitacion-de-mediacion-voluntaria-20-04-2026\" tabindex=\"-1\" >\n\t\t\t<div class=\"elementor-post__thumbnail\"><img decoding=\"async\" width=\"1080\" height=\"1350\" src=\"https:\/\/www.colescba.org.ar\/portal\/wp-content\/uploads\/2026\/04\/00631eeb-127d-4dfc-9a5d-a318b68c6fc2.jpeg\" class=\"attachment-full size-full wp-image-62371\" alt=\"\" srcset=\"https:\/\/www.colescba.org.ar\/portal\/wp-content\/uploads\/2026\/04\/00631eeb-127d-4dfc-9a5d-a318b68c6fc2.jpeg 1080w, https:\/\/www.colescba.org.ar\/portal\/wp-content\/uploads\/2026\/04\/00631eeb-127d-4dfc-9a5d-a318b68c6fc2-240x300.jpeg 240w, https:\/\/www.colescba.org.ar\/portal\/wp-content\/uploads\/2026\/04\/00631eeb-127d-4dfc-9a5d-a318b68c6fc2-819x1024.jpeg 819w, https:\/\/www.colescba.org.ar\/portal\/wp-content\/uploads\/2026\/04\/00631eeb-127d-4dfc-9a5d-a318b68c6fc2-768x960.jpeg 768w, https:\/\/www.colescba.org.ar\/portal\/wp-content\/uploads\/2026\/04\/00631eeb-127d-4dfc-9a5d-a318b68c6fc2-50x63.jpeg 50w\" sizes=\"(max-width: 1080px) 100vw, 1080px\" \/><\/div>\n\t\t<\/a>\n\t\t\t\t<div class=\"elementor-post__text\">\n\t\t\t\t<h3 class=\"elementor-post__title\">\n\t\t\t<a href=\"https:\/\/www.colescba.org.ar\/portal\/novedades\/centro-institucional-de-mediacion\/comenzo-la-capacitacion-de-mediacion-voluntaria-20-04-2026\" >\n\t\t\t\tComenz\u00f3 la capacitaci\u00f3n de Mediaci\u00f3n Voluntaria\t\t\t<\/a>\n\t\t<\/h3>\n\t\t\n\t\t<a class=\"elementor-post__read-more\" href=\"https:\/\/www.colescba.org.ar\/portal\/novedades\/centro-institucional-de-mediacion\/comenzo-la-capacitacion-de-mediacion-voluntaria-20-04-2026\" aria-label=\"M\u00e1s informaci\u00f3n sobre Comenz\u00f3 la capacitaci\u00f3n de Mediaci\u00f3n Voluntaria\" tabindex=\"-1\" >\n\t\t\tVer m\u00e1s +\t\t<\/a>\n\n\t\t\t\t<\/div>\n\t\t\t\t<\/article>\n\t\t\t\t<article class=\"elementor-post elementor-grid-item post-61962 post type-post status-publish format-standard has-post-thumbnail hentry category-centro-institucional-de-mediacion\">\n\t\t\t\t<a class=\"elementor-post__thumbnail__link\" href=\"https:\/\/www.colescba.org.ar\/portal\/novedades\/centro-institucional-de-mediacion\/curso-de-comunicacion-efectiva-en-el-cfna-13-03-2026\" tabindex=\"-1\" >\n\t\t\t<div class=\"elementor-post__thumbnail\"><img loading=\"lazy\" decoding=\"async\" width=\"1080\" height=\"1350\" src=\"https:\/\/www.colescba.org.ar\/portal\/wp-content\/uploads\/2026\/03\/20.03-Noticia-2.-Foto-3.png\" class=\"attachment-full size-full wp-image-61963\" alt=\"\" srcset=\"https:\/\/www.colescba.org.ar\/portal\/wp-content\/uploads\/2026\/03\/20.03-Noticia-2.-Foto-3.png 1080w, https:\/\/www.colescba.org.ar\/portal\/wp-content\/uploads\/2026\/03\/20.03-Noticia-2.-Foto-3-240x300.png 240w, https:\/\/www.colescba.org.ar\/portal\/wp-content\/uploads\/2026\/03\/20.03-Noticia-2.-Foto-3-819x1024.png 819w, https:\/\/www.colescba.org.ar\/portal\/wp-content\/uploads\/2026\/03\/20.03-Noticia-2.-Foto-3-768x960.png 768w, https:\/\/www.colescba.org.ar\/portal\/wp-content\/uploads\/2026\/03\/20.03-Noticia-2.-Foto-3-50x63.png 50w\" sizes=\"(max-width: 1080px) 100vw, 1080px\" \/><\/div>\n\t\t<\/a>\n\t\t\t\t<div class=\"elementor-post__text\">\n\t\t\t\t<h3 class=\"elementor-post__title\">\n\t\t\t<a href=\"https:\/\/www.colescba.org.ar\/portal\/novedades\/centro-institucional-de-mediacion\/curso-de-comunicacion-efectiva-en-el-cfna-13-03-2026\" >\n\t\t\t\tCurso de Comunicaci\u00f3n Efectiva en el CFNA\t\t\t<\/a>\n\t\t<\/h3>\n\t\t\n\t\t<a class=\"elementor-post__read-more\" href=\"https:\/\/www.colescba.org.ar\/portal\/novedades\/centro-institucional-de-mediacion\/curso-de-comunicacion-efectiva-en-el-cfna-13-03-2026\" aria-label=\"M\u00e1s informaci\u00f3n sobre Curso de Comunicaci\u00f3n Efectiva en el CFNA\" tabindex=\"-1\" >\n\t\t\tVer m\u00e1s +\t\t<\/a>\n\n\t\t\t\t<\/div>\n\t\t\t\t<\/article>\n\t\t\t\t<article class=\"elementor-post elementor-grid-item post-61958 post type-post status-publish format-standard has-post-thumbnail hentry category-centro-institucional-de-mediacion\">\n\t\t\t\t<a class=\"elementor-post__thumbnail__link\" href=\"https:\/\/www.colescba.org.ar\/portal\/novedades\/centro-institucional-de-mediacion\/finalizo-el-curso-de-comunicacion-y-emociones-13-03-2026\" tabindex=\"-1\" >\n\t\t\t<div class=\"elementor-post__thumbnail\"><img loading=\"lazy\" decoding=\"async\" width=\"1080\" height=\"1350\" src=\"https:\/\/www.colescba.org.ar\/portal\/wp-content\/uploads\/2026\/03\/18.03-Noticia-1.-Foto-3.png\" class=\"attachment-full size-full wp-image-61959\" alt=\"\" srcset=\"https:\/\/www.colescba.org.ar\/portal\/wp-content\/uploads\/2026\/03\/18.03-Noticia-1.-Foto-3.png 1080w, https:\/\/www.colescba.org.ar\/portal\/wp-content\/uploads\/2026\/03\/18.03-Noticia-1.-Foto-3-240x300.png 240w, https:\/\/www.colescba.org.ar\/portal\/wp-content\/uploads\/2026\/03\/18.03-Noticia-1.-Foto-3-819x1024.png 819w, https:\/\/www.colescba.org.ar\/portal\/wp-content\/uploads\/2026\/03\/18.03-Noticia-1.-Foto-3-768x960.png 768w, https:\/\/www.colescba.org.ar\/portal\/wp-content\/uploads\/2026\/03\/18.03-Noticia-1.-Foto-3-50x63.png 50w\" sizes=\"(max-width: 1080px) 100vw, 1080px\" \/><\/div>\n\t\t<\/a>\n\t\t\t\t<div class=\"elementor-post__text\">\n\t\t\t\t<h3 class=\"elementor-post__title\">\n\t\t\t<a href=\"https:\/\/www.colescba.org.ar\/portal\/novedades\/centro-institucional-de-mediacion\/finalizo-el-curso-de-comunicacion-y-emociones-13-03-2026\" >\n\t\t\t\tFinaliz\u00f3 el Curso de Comunicaci\u00f3n y Emociones\t\t\t<\/a>\n\t\t<\/h3>\n\t\t\n\t\t<a class=\"elementor-post__read-more\" href=\"https:\/\/www.colescba.org.ar\/portal\/novedades\/centro-institucional-de-mediacion\/finalizo-el-curso-de-comunicacion-y-emociones-13-03-2026\" aria-label=\"M\u00e1s informaci\u00f3n sobre Finaliz\u00f3 el Curso de Comunicaci\u00f3n y Emociones\" tabindex=\"-1\" >\n\t\t\tVer m\u00e1s +\t\t<\/a>\n\n\t\t\t\t<\/div>\n\t\t\t\t<\/article>\n\t\t\t\t<article class=\"elementor-post elementor-grid-item post-61955 post type-post status-publish format-standard has-post-thumbnail hentry category-centro-institucional-de-mediacion\">\n\t\t\t\t<a class=\"elementor-post__thumbnail__link\" href=\"https:\/\/www.colescba.org.ar\/portal\/novedades\/centro-institucional-de-mediacion\/finalizo-el-curso-de-negociacion-2-13-03-2026\" tabindex=\"-1\" >\n\t\t\t<div class=\"elementor-post__thumbnail\"><img loading=\"lazy\" decoding=\"async\" width=\"1080\" height=\"1350\" src=\"https:\/\/www.colescba.org.ar\/portal\/wp-content\/uploads\/2026\/03\/31c9e490-6589-4a52-afbd-88fc1d5dcef6.jpg\" class=\"attachment-full size-full wp-image-61956\" alt=\"\" srcset=\"https:\/\/www.colescba.org.ar\/portal\/wp-content\/uploads\/2026\/03\/31c9e490-6589-4a52-afbd-88fc1d5dcef6.jpg 1080w, https:\/\/www.colescba.org.ar\/portal\/wp-content\/uploads\/2026\/03\/31c9e490-6589-4a52-afbd-88fc1d5dcef6-240x300.jpg 240w, https:\/\/www.colescba.org.ar\/portal\/wp-content\/uploads\/2026\/03\/31c9e490-6589-4a52-afbd-88fc1d5dcef6-819x1024.jpg 819w, https:\/\/www.colescba.org.ar\/portal\/wp-content\/uploads\/2026\/03\/31c9e490-6589-4a52-afbd-88fc1d5dcef6-768x960.jpg 768w, https:\/\/www.colescba.org.ar\/portal\/wp-content\/uploads\/2026\/03\/31c9e490-6589-4a52-afbd-88fc1d5dcef6-50x63.jpg 50w\" sizes=\"(max-width: 1080px) 100vw, 1080px\" \/><\/div>\n\t\t<\/a>\n\t\t\t\t<div class=\"elementor-post__text\">\n\t\t\t\t<h3 class=\"elementor-post__title\">\n\t\t\t<a href=\"https:\/\/www.colescba.org.ar\/portal\/novedades\/centro-institucional-de-mediacion\/finalizo-el-curso-de-negociacion-2-13-03-2026\" >\n\t\t\t\tFinaliz\u00f3 el Curso de Negociaci\u00f3n\t\t\t<\/a>\n\t\t<\/h3>\n\t\t\n\t\t<a class=\"elementor-post__read-more\" href=\"https:\/\/www.colescba.org.ar\/portal\/novedades\/centro-institucional-de-mediacion\/finalizo-el-curso-de-negociacion-2-13-03-2026\" aria-label=\"M\u00e1s informaci\u00f3n sobre Finaliz\u00f3 el Curso de Negociaci\u00f3n\" tabindex=\"-1\" >\n\t\t\tVer m\u00e1s +\t\t<\/a>\n\n\t\t\t\t<\/div>\n\t\t\t\t<\/article>\n\t\t\t\t<article class=\"elementor-post elementor-grid-item post-59771 post type-post status-publish format-standard has-post-thumbnail hentry category-centro-institucional-de-mediacion\">\n\t\t\t\t<a class=\"elementor-post__thumbnail__link\" href=\"https:\/\/www.colescba.org.ar\/portal\/novedades\/centro-institucional-de-mediacion\/premio-accesit-en-la-35-jna-11-11-2025\" tabindex=\"-1\" >\n\t\t\t<div class=\"elementor-post__thumbnail\"><img loading=\"lazy\" decoding=\"async\" width=\"1280\" height=\"960\" src=\"https:\/\/www.colescba.org.ar\/portal\/wp-content\/uploads\/2025\/11\/1000033519.jpg\" class=\"attachment-full size-full wp-image-59772\" alt=\"\" srcset=\"https:\/\/www.colescba.org.ar\/portal\/wp-content\/uploads\/2025\/11\/1000033519.jpg 1280w, https:\/\/www.colescba.org.ar\/portal\/wp-content\/uploads\/2025\/11\/1000033519-300x225.jpg 300w, https:\/\/www.colescba.org.ar\/portal\/wp-content\/uploads\/2025\/11\/1000033519-1024x768.jpg 1024w, https:\/\/www.colescba.org.ar\/portal\/wp-content\/uploads\/2025\/11\/1000033519-768x576.jpg 768w, https:\/\/www.colescba.org.ar\/portal\/wp-content\/uploads\/2025\/11\/1000033519-50x38.jpg 50w\" sizes=\"(max-width: 1280px) 100vw, 1280px\" \/><\/div>\n\t\t<\/a>\n\t\t\t\t<div class=\"elementor-post__text\">\n\t\t\t\t<h3 class=\"elementor-post__title\">\n\t\t\t<a href=\"https:\/\/www.colescba.org.ar\/portal\/novedades\/centro-institucional-de-mediacion\/premio-accesit-en-la-35-jna-11-11-2025\" >\n\t\t\t\tPremio acc\u00e9sit en la 35 JNA\t\t\t<\/a>\n\t\t<\/h3>\n\t\t\n\t\t<a class=\"elementor-post__read-more\" href=\"https:\/\/www.colescba.org.ar\/portal\/novedades\/centro-institucional-de-mediacion\/premio-accesit-en-la-35-jna-11-11-2025\" aria-label=\"M\u00e1s informaci\u00f3n sobre Premio acc\u00e9sit en la 35 JNA\" tabindex=\"-1\" >\n\t\t\tVer m\u00e1s +\t\t<\/a>\n\n\t\t\t\t<\/div>\n\t\t\t\t<\/article>\n\t\t\t\t<article class=\"elementor-post elementor-grid-item post-59767 post type-post status-publish format-standard has-post-thumbnail hentry category-centro-institucional-de-mediacion\">\n\t\t\t\t<a class=\"elementor-post__thumbnail__link\" href=\"https:\/\/www.colescba.org.ar\/portal\/novedades\/centro-institucional-de-mediacion\/entrega-de-diplomas-de-mediadores-voluntarios-11-11-2025\" tabindex=\"-1\" >\n\t\t\t<div class=\"elementor-post__thumbnail\"><img loading=\"lazy\" decoding=\"async\" width=\"1600\" height=\"900\" src=\"https:\/\/www.colescba.org.ar\/portal\/wp-content\/uploads\/2025\/11\/PHOTO-2025-11-07-11-02-25.jpg\" class=\"attachment-full size-full wp-image-59768\" alt=\"\" srcset=\"https:\/\/www.colescba.org.ar\/portal\/wp-content\/uploads\/2025\/11\/PHOTO-2025-11-07-11-02-25.jpg 1600w, https:\/\/www.colescba.org.ar\/portal\/wp-content\/uploads\/2025\/11\/PHOTO-2025-11-07-11-02-25-300x169.jpg 300w, https:\/\/www.colescba.org.ar\/portal\/wp-content\/uploads\/2025\/11\/PHOTO-2025-11-07-11-02-25-1024x576.jpg 1024w, https:\/\/www.colescba.org.ar\/portal\/wp-content\/uploads\/2025\/11\/PHOTO-2025-11-07-11-02-25-768x432.jpg 768w, https:\/\/www.colescba.org.ar\/portal\/wp-content\/uploads\/2025\/11\/PHOTO-2025-11-07-11-02-25-50x28.jpg 50w, https:\/\/www.colescba.org.ar\/portal\/wp-content\/uploads\/2025\/11\/PHOTO-2025-11-07-11-02-25-1536x864.jpg 1536w\" sizes=\"(max-width: 1600px) 100vw, 1600px\" \/><\/div>\n\t\t<\/a>\n\t\t\t\t<div class=\"elementor-post__text\">\n\t\t\t\t<h3 class=\"elementor-post__title\">\n\t\t\t<a href=\"https:\/\/www.colescba.org.ar\/portal\/novedades\/centro-institucional-de-mediacion\/entrega-de-diplomas-de-mediadores-voluntarios-11-11-2025\" >\n\t\t\t\tEntrega de diplomas de Mediadores Voluntarios\t\t\t<\/a>\n\t\t<\/h3>\n\t\t\n\t\t<a class=\"elementor-post__read-more\" href=\"https:\/\/www.colescba.org.ar\/portal\/novedades\/centro-institucional-de-mediacion\/entrega-de-diplomas-de-mediadores-voluntarios-11-11-2025\" aria-label=\"M\u00e1s informaci\u00f3n sobre Entrega de diplomas de Mediadores Voluntarios\" tabindex=\"-1\" >\n\t\t\tVer m\u00e1s +\t\t<\/a>\n\n\t\t\t\t<\/div>\n\t\t\t\t<\/article>\n\t\t\t\t<\/div>\n\t\t\n\t\t\t\t<div class=\"e-load-more-anchor\" data-page=\"1\" data-max-page=\"21\" data-next-page=\"https:\/\/www.colescba.org.ar\/portal\/wp-json\/wp\/v2\/pages\/10587\/page\/2\"><\/div>\n\t\t\t\t<nav class=\"elementor-pagination\" aria-label=\"Paginaci\u00f3n\">\n\t\t\t<span class=\"page-numbers prev\">&laquo; Anterior<\/span>\n<span aria-current=\"page\" class=\"page-numbers current\"><span class=\"elementor-screen-only\">P\u00e1gina<\/span>1<\/span>\n<a class=\"page-numbers\" href=\"https:\/\/www.colescba.org.ar\/portal\/wp-json\/wp\/v2\/pages\/10587\/page\/2\"><span class=\"elementor-screen-only\">P\u00e1gina<\/span>2<\/a>\n<a class=\"page-numbers\" href=\"https:\/\/www.colescba.org.ar\/portal\/wp-json\/wp\/v2\/pages\/10587\/page\/3\"><span class=\"elementor-screen-only\">P\u00e1gina<\/span>3<\/a>\n<span class=\"page-numbers dots\">&hellip;<\/span>\n<a class=\"page-numbers\" href=\"https:\/\/www.colescba.org.ar\/portal\/wp-json\/wp\/v2\/pages\/10587\/page\/21\"><span class=\"elementor-screen-only\">P\u00e1gina<\/span>21<\/a>\n<a class=\"page-numbers next\" href=\"https:\/\/www.colescba.org.ar\/portal\/wp-json\/wp\/v2\/pages\/10587\/page\/2\">Siguiente &raquo;<\/a>\t\t<\/nav>\n\t\t\t\t<\/div>\n\t\t\t\t<\/div>\n\t\t\t\t\t<\/div>\n\t\t<\/div>\n\t\t\t\t\t<\/div>\n\t\t<\/section>\n\t\t\t\t<section class=\"elementor-section elementor-top-section elementor-element elementor-element-066e864 elementor-section-boxed elementor-section-height-default elementor-section-height-default\" data-id=\"066e864\" data-element_type=\"section\">\n\t\t\t\t\t\t<div class=\"elementor-container elementor-column-gap-default\">\n\t\t\t\t\t<div class=\"elementor-column elementor-col-100 elementor-top-column elementor-element elementor-element-a449f37\" data-id=\"a449f37\" data-element_type=\"column\">\n\t\t\t<div class=\"elementor-widget-wrap elementor-element-populated\">\n\t\t\t\t\t\t<div class=\"elementor-element elementor-element-1bf13d7 elementor-widget elementor-widget-heading\" data-id=\"1bf13d7\" data-element_type=\"widget\" data-widget_type=\"heading.default\">\n\t\t\t\t<div class=\"elementor-widget-container\">\n\t\t\t<h2 class=\"elementor-heading-title elementor-size-default\">Centros de mediaci\u00f3n\n<\/h2>\t\t<\/div>\n\t\t\t\t<\/div>\n\t\t\t\t<div class=\"elementor-element elementor-element-945aa65 elementor-widget elementor-widget-toggle\" data-id=\"945aa65\" data-element_type=\"widget\" data-widget_type=\"toggle.default\">\n\t\t\t\t<div class=\"elementor-widget-container\">\n\t\t\t\t\t<div class=\"elementor-toggle\">\n\t\t\t\t\t\t\t<div class=\"elementor-toggle-item\">\n\t\t\t\t\t<h4 id=\"elementor-tab-title-1551\" class=\"elementor-tab-title\" data-tab=\"1\" role=\"button\" aria-controls=\"elementor-tab-content-1551\" aria-expanded=\"false\">\n\t\t\t\t\t\t\t\t\t\t\t\t<span class=\"elementor-toggle-icon elementor-toggle-icon-right\" aria-hidden=\"true\">\n\t\t\t\t\t\t\t\t\t\t\t\t\t\t\t<span class=\"elementor-toggle-icon-closed\"><i class=\"fas fa-plus\"><\/i><\/span>\n\t\t\t\t\t\t\t\t<span class=\"elementor-toggle-icon-opened\"><i class=\"elementor-toggle-icon-opened fas fa-minus\"><\/i><\/span>\n\t\t\t\t\t\t\t\t\t\t\t\t\t<\/span>\n\t\t\t\t\t\t\t\t\t\t\t\t<a class=\"elementor-toggle-title\" tabindex=\"0\">CENTRO DE MEDIACION AZUL<\/a>\n\t\t\t\t\t<\/h4>\n\n\t\t\t\t\t<div id=\"elementor-tab-content-1551\" class=\"elementor-tab-content elementor-clearfix\" data-tab=\"1\" role=\"region\" aria-labelledby=\"elementor-tab-title-1551\"><p><strong>Directora:<\/strong>\u00a0Marcela Voiscovich<br \/><strong>Secretaria:<\/strong>\u00a0Maricel Hermida<br \/><strong>Tesorero:<\/strong>\u00a0Gustavo Pedro Cruz<br \/>Domicilio: 25 de Mayo 545 (7300) AZUL<br \/>Tel\u00e9fono: (02281) 43-2998\u00a0\u00a0\u00a0 Int. 1<br \/>E-mail:\u00a0<span id=\"cloak169000e2a19bb16d8cb3b178ea98a9d0\"><a href=\"mailto:azulmed@colescba.org.ar\">azulmed@colescba.org.ar<\/a><\/span><\/p><\/div>\n\t\t\t\t<\/div>\n\t\t\t\t\t\t\t<div class=\"elementor-toggle-item\">\n\t\t\t\t\t<h4 id=\"elementor-tab-title-1552\" class=\"elementor-tab-title\" data-tab=\"2\" role=\"button\" aria-controls=\"elementor-tab-content-1552\" aria-expanded=\"false\">\n\t\t\t\t\t\t\t\t\t\t\t\t<span class=\"elementor-toggle-icon elementor-toggle-icon-right\" aria-hidden=\"true\">\n\t\t\t\t\t\t\t\t\t\t\t\t\t\t\t<span class=\"elementor-toggle-icon-closed\"><i class=\"fas fa-plus\"><\/i><\/span>\n\t\t\t\t\t\t\t\t<span class=\"elementor-toggle-icon-opened\"><i class=\"elementor-toggle-icon-opened fas fa-minus\"><\/i><\/span>\n\t\t\t\t\t\t\t\t\t\t\t\t\t<\/span>\n\t\t\t\t\t\t\t\t\t\t\t\t<a class=\"elementor-toggle-title\" tabindex=\"0\">CENTRO DE MEDIACION JUNIN<\/a>\n\t\t\t\t\t<\/h4>\n\n\t\t\t\t\t<div id=\"elementor-tab-content-1552\" class=\"elementor-tab-content elementor-clearfix\" data-tab=\"2\" role=\"region\" aria-labelledby=\"elementor-tab-title-1552\"><p><strong>Directora:<\/strong>\u00a0Melina Vanesa Lucero<br \/><strong>Secretaria:<\/strong>\u00a0Silvina Gizzi<br \/><strong>Tesorera:<\/strong>\u00a0Lidia Rossi<br \/>Domicilio: General Paz 28 (6000) JUNIN<br \/>Tel\u00e9fono: (0236) 443-2509\u00a0\u00a0\u00a0 Int. 1202 &#8211; 1203<br \/>E-mail:\u00a0<span id=\"cloakb0a0f5fa6cacb85d70476852204856c5\"><a href=\"mailto:juninmed@colescba.org.ar\">juninmed@colescba.org.ar<\/a><\/span><\/p><\/div>\n\t\t\t\t<\/div>\n\t\t\t\t\t\t\t<div class=\"elementor-toggle-item\">\n\t\t\t\t\t<h4 id=\"elementor-tab-title-1553\" class=\"elementor-tab-title\" data-tab=\"3\" role=\"button\" aria-controls=\"elementor-tab-content-1553\" aria-expanded=\"false\">\n\t\t\t\t\t\t\t\t\t\t\t\t<span class=\"elementor-toggle-icon elementor-toggle-icon-right\" aria-hidden=\"true\">\n\t\t\t\t\t\t\t\t\t\t\t\t\t\t\t<span class=\"elementor-toggle-icon-closed\"><i class=\"fas fa-plus\"><\/i><\/span>\n\t\t\t\t\t\t\t\t<span class=\"elementor-toggle-icon-opened\"><i class=\"elementor-toggle-icon-opened fas fa-minus\"><\/i><\/span>\n\t\t\t\t\t\t\t\t\t\t\t\t\t<\/span>\n\t\t\t\t\t\t\t\t\t\t\t\t<a class=\"elementor-toggle-title\" tabindex=\"0\">CENTRO DE MEDIACION LA PLATA<\/a>\n\t\t\t\t\t<\/h4>\n\n\t\t\t\t\t<div id=\"elementor-tab-content-1553\" class=\"elementor-tab-content elementor-clearfix\" data-tab=\"3\" role=\"region\" aria-labelledby=\"elementor-tab-title-1553\"><p><strong>Directora:\u00a0<\/strong>Nora Mabel Georgieff<br \/><strong>Secretaria:\u00a0<\/strong>Alejandra Aramburu de Tenti<br \/><strong>Tesorera:\u00a0<\/strong><span style=\"background-color: var( --e-global-color-secondary ); color: var( --e-global-color-b9d8027 ); font-family: var( --e-global-typography-text-font-family ), Sans-serif; font-weight: var( --e-global-typography-text-font-weight );\">Valeria Silvina Mazzetto<br \/><\/span><span style=\"background-color: var( --e-global-color-secondary ); color: var( --e-global-color-b9d8027 ); font-family: var( --e-global-typography-text-font-family ), Sans-serif; font-weight: var( --e-global-typography-text-font-weight );\">Domicilio: Calle 48 N\u00ba 716 (B1900AND) LA PLATA<br \/><\/span><span style=\"background-color: var( --e-global-color-secondary ); color: var( --e-global-color-b9d8027 ); font-family: var( --e-global-typography-text-font-family ), Sans-serif; font-weight: var( --e-global-typography-text-font-weight );\">Tel\u00e9fono: (0221) 482-9601 Fax: 483-5484<br \/><\/span><span style=\"background-color: var( --e-global-color-secondary ); color: var( --e-global-color-b9d8027 ); font-family: var( --e-global-typography-text-font-family ), Sans-serif; font-weight: var( --e-global-typography-text-font-weight );\">E-mail:\u00a0<\/span><span style=\"background-color: var( --e-global-color-secondary ); color: var( --e-global-color-b9d8027 ); font-family: var( --e-global-typography-text-font-family ), Sans-serif; font-weight: var( --e-global-typography-text-font-weight );\"><a href=\"mailto:laplata@colescba.org.ar\">laplatamed@colescba.org.ar<\/a><\/span><\/p><\/div>\n\t\t\t\t<\/div>\n\t\t\t\t\t\t\t<div class=\"elementor-toggle-item\">\n\t\t\t\t\t<h4 id=\"elementor-tab-title-1554\" class=\"elementor-tab-title\" data-tab=\"4\" role=\"button\" aria-controls=\"elementor-tab-content-1554\" aria-expanded=\"false\">\n\t\t\t\t\t\t\t\t\t\t\t\t<span class=\"elementor-toggle-icon elementor-toggle-icon-right\" aria-hidden=\"true\">\n\t\t\t\t\t\t\t\t\t\t\t\t\t\t\t<span class=\"elementor-toggle-icon-closed\"><i class=\"fas fa-plus\"><\/i><\/span>\n\t\t\t\t\t\t\t\t<span class=\"elementor-toggle-icon-opened\"><i class=\"elementor-toggle-icon-opened fas fa-minus\"><\/i><\/span>\n\t\t\t\t\t\t\t\t\t\t\t\t\t<\/span>\n\t\t\t\t\t\t\t\t\t\t\t\t<a class=\"elementor-toggle-title\" tabindex=\"0\">CENTRO DE MEDIACION LOMAS DE ZAMORA<\/a>\n\t\t\t\t\t<\/h4>\n\n\t\t\t\t\t<div id=\"elementor-tab-content-1554\" class=\"elementor-tab-content elementor-clearfix\" data-tab=\"4\" role=\"region\" aria-labelledby=\"elementor-tab-title-1554\"><p><strong>Directora:&nbsp;<\/strong><span style=\"background-color: var( --e-global-color-secondary ); color: var( --e-global-color-b9d8027 ); font-family: var( --e-global-typography-text-font-family ), Sans-serif;\"><span style=\"font-weight: var( --e-global-typography-text-font-weight );\">Mariana Hefling<\/span><br><\/span><strong style=\"background-color: var( --e-global-color-secondary ); color: var( --e-global-color-b9d8027 ); font-family: var( --e-global-typography-text-font-family ), Sans-serif;\">Secretaria:&nbsp;<\/strong>Mar\u00eda Alejandra Borelli<span style=\"background-color: var( --e-global-color-secondary ); color: var( --e-global-color-b9d8027 ); font-family: var( --e-global-typography-text-font-family ), Sans-serif;\"><br><\/span><strong style=\"background-color: var( --e-global-color-secondary ); color: var( --e-global-color-b9d8027 ); font-family: var( --e-global-typography-text-font-family ), Sans-serif;\">Tesorera:<\/strong><span style=\"background-color: var( --e-global-color-secondary ); color: var( --e-global-color-b9d8027 ); font-family: var( --e-global-typography-text-font-family ), Sans-serif; font-weight: var( --e-global-typography-text-font-weight );\">&nbsp;Kelina Dinet L\u00f3pez<br><\/span><span style=\"background-color: var( --e-global-color-secondary ); color: var( --e-global-color-b9d8027 ); font-family: var( --e-global-typography-text-font-family ), Sans-serif; font-weight: var( --e-global-typography-text-font-weight );\">Domicilio: Meeks 420 (1832) LOMAS DE ZAMORA<br><\/span><span style=\"background-color: var( --e-global-color-secondary ); color: var( --e-global-color-b9d8027 ); font-family: var( --e-global-typography-text-font-family ), Sans-serif; font-weight: var( --e-global-typography-text-font-weight );\">Tel\u00e9fono: (011) 4244-1453\/6403\/6408<br><\/span><span style=\"background-color: var( --e-global-color-secondary ); color: var( --e-global-color-b9d8027 ); font-family: var( --e-global-typography-text-font-family ), Sans-serif; font-weight: var( --e-global-typography-text-font-weight );\">E-mail:&nbsp;<\/span><span style=\"background-color: var( --e-global-color-secondary ); color: var( --e-global-color-b9d8027 ); font-family: var( --e-global-typography-text-font-family ), Sans-serif; font-weight: var( --e-global-typography-text-font-weight );\"><a href=\"mailto:lomasmed@colescba.org.ar\">lomasmed@colescba.org.ar<\/a><\/span><\/p><\/div>\n\t\t\t\t<\/div>\n\t\t\t\t\t\t\t<div class=\"elementor-toggle-item\">\n\t\t\t\t\t<h4 id=\"elementor-tab-title-1555\" class=\"elementor-tab-title\" data-tab=\"5\" role=\"button\" aria-controls=\"elementor-tab-content-1555\" aria-expanded=\"false\">\n\t\t\t\t\t\t\t\t\t\t\t\t<span class=\"elementor-toggle-icon elementor-toggle-icon-right\" aria-hidden=\"true\">\n\t\t\t\t\t\t\t\t\t\t\t\t\t\t\t<span class=\"elementor-toggle-icon-closed\"><i class=\"fas fa-plus\"><\/i><\/span>\n\t\t\t\t\t\t\t\t<span class=\"elementor-toggle-icon-opened\"><i class=\"elementor-toggle-icon-opened fas fa-minus\"><\/i><\/span>\n\t\t\t\t\t\t\t\t\t\t\t\t\t<\/span>\n\t\t\t\t\t\t\t\t\t\t\t\t<a class=\"elementor-toggle-title\" tabindex=\"0\">CENTRO DE MEDIACION MAR DEL PLATA<\/a>\n\t\t\t\t\t<\/h4>\n\n\t\t\t\t\t<div id=\"elementor-tab-content-1555\" class=\"elementor-tab-content elementor-clearfix\" data-tab=\"5\" role=\"region\" aria-labelledby=\"elementor-tab-title-1555\"><p><strong>Directora:<\/strong>\u00a0Norma Elena Ciur\u00f3 de Castello<br \/><strong>Secretaria:<\/strong>\u00a0Liliana Beatriz de las Mercedes\u00a0Mayer<br \/><strong>Tesorera:\u00a0<\/strong>Teresita del Ni\u00f1o Jes\u00fas Magnin<br \/>Domicilio: Av. Independencia 2190 (7600) MAR DEL PLATA<br \/>Tel\u00e9fono: (0223) 493- 6612\/495-3649\u00a0\u00a0\u00a0 Int. 8000<br \/>E-mail:\u00a0<span id=\"cloak549a3d4eeff6b90bf0196baf7d045d96\"><a href=\"mailto:mardelplatamed@colescba.org.ar\">mardelplatamed@colescba.org.ar<\/a><\/span><\/p><\/div>\n\t\t\t\t<\/div>\n\t\t\t\t\t\t\t<div class=\"elementor-toggle-item\">\n\t\t\t\t\t<h4 id=\"elementor-tab-title-1556\" class=\"elementor-tab-title\" data-tab=\"6\" role=\"button\" aria-controls=\"elementor-tab-content-1556\" aria-expanded=\"false\">\n\t\t\t\t\t\t\t\t\t\t\t\t<span class=\"elementor-toggle-icon elementor-toggle-icon-right\" aria-hidden=\"true\">\n\t\t\t\t\t\t\t\t\t\t\t\t\t\t\t<span class=\"elementor-toggle-icon-closed\"><i class=\"fas fa-plus\"><\/i><\/span>\n\t\t\t\t\t\t\t\t<span class=\"elementor-toggle-icon-opened\"><i class=\"elementor-toggle-icon-opened fas fa-minus\"><\/i><\/span>\n\t\t\t\t\t\t\t\t\t\t\t\t\t<\/span>\n\t\t\t\t\t\t\t\t\t\t\t\t<a class=\"elementor-toggle-title\" tabindex=\"0\">CENTRO DE MEDIACION MERCEDES<\/a>\n\t\t\t\t\t<\/h4>\n\n\t\t\t\t\t<div id=\"elementor-tab-content-1556\" class=\"elementor-tab-content elementor-clearfix\" data-tab=\"6\" role=\"region\" aria-labelledby=\"elementor-tab-title-1556\"><p><strong>Director:<\/strong>\u00a0Gerardo Agust\u00edn Clavin<br \/><strong>Secretaria:<\/strong> Graciela Leonor Vilalta<br \/><strong>Tesorera:<\/strong>\u00a0Juana Andrea Sanmart\u00edn<br \/>Domicilio: Calle 29 N\u00ba427 (6600) MERCEDES<br \/>Tel\u00e9fono: (02324) 42-4738\u00a0\u00a0\u00a0\u00a0 Int. 1602<br \/>E-mail:\u00a0<span id=\"cloaka992a5295464fb1601028dcb148c91cb\"><a href=\"mailto:mercedesmed@colescba.org.ar\">mercedesmed@colescba.org.ar<\/a><\/span><\/p><\/div>\n\t\t\t\t<\/div>\n\t\t\t\t\t\t\t<div class=\"elementor-toggle-item\">\n\t\t\t\t\t<h4 id=\"elementor-tab-title-1557\" class=\"elementor-tab-title\" data-tab=\"7\" role=\"button\" aria-controls=\"elementor-tab-content-1557\" aria-expanded=\"false\">\n\t\t\t\t\t\t\t\t\t\t\t\t<span class=\"elementor-toggle-icon elementor-toggle-icon-right\" aria-hidden=\"true\">\n\t\t\t\t\t\t\t\t\t\t\t\t\t\t\t<span class=\"elementor-toggle-icon-closed\"><i class=\"fas fa-plus\"><\/i><\/span>\n\t\t\t\t\t\t\t\t<span class=\"elementor-toggle-icon-opened\"><i class=\"elementor-toggle-icon-opened fas fa-minus\"><\/i><\/span>\n\t\t\t\t\t\t\t\t\t\t\t\t\t<\/span>\n\t\t\t\t\t\t\t\t\t\t\t\t<a class=\"elementor-toggle-title\" tabindex=\"0\">CENTRO DE MEDIACION MOR\u00d3N<\/a>\n\t\t\t\t\t<\/h4>\n\n\t\t\t\t\t<div id=\"elementor-tab-content-1557\" class=\"elementor-tab-content elementor-clearfix\" data-tab=\"7\" role=\"region\" aria-labelledby=\"elementor-tab-title-1557\"><p><strong>Directora:<\/strong>&nbsp;<span style=\"background-color: var( --e-global-color-secondary ); color: var( --e-global-color-b9d8027 ); font-family: var( --e-global-typography-text-font-family ), Sans-serif;\"><span style=\"font-weight: var( --e-global-typography-text-font-weight );\">Sonia Cardozo<\/span><br><\/span><strong style=\"background-color: var( --e-global-color-secondary ); color: var( --e-global-color-b9d8027 ); font-family: var( --e-global-typography-text-font-family ), Sans-serif;\">Secretaria:<\/strong><span style=\"background-color: var( --e-global-color-secondary ); color: var( --e-global-color-b9d8027 ); font-family: var( --e-global-typography-text-font-family ), Sans-serif;\"><span style=\"font-weight: var( --e-global-typography-text-font-weight );\">&nbsp;<\/span><\/span>Graciela Curuchelar<span style=\"background-color: var( --e-global-color-secondary ); color: var( --e-global-color-b9d8027 ); font-family: var( --e-global-typography-text-font-family ), Sans-serif;\"><br><\/span><strong style=\"background-color: var( --e-global-color-secondary ); color: var( --e-global-color-b9d8027 ); font-family: var( --e-global-typography-text-font-family ), Sans-serif;\">Tesorera:<\/strong><span style=\"background-color: var( --e-global-color-secondary ); color: var( --e-global-color-b9d8027 ); font-family: var( --e-global-typography-text-font-family ), Sans-serif; font-weight: var( --e-global-typography-text-font-weight );\">&nbsp;F\u00e1tima Cosso<br><\/span><span style=\"background-color: var( --e-global-color-secondary ); color: var( --e-global-color-b9d8027 ); font-family: var( --e-global-typography-text-font-family ), Sans-serif; font-weight: var( --e-global-typography-text-font-weight );\">Domicilio: San Mart\u00edn 283 (1708) MOR\u00d3N<br><\/span><span style=\"background-color: var( --e-global-color-secondary ); color: var( --e-global-color-b9d8027 ); font-family: var( --e-global-typography-text-font-family ), Sans-serif; font-weight: var( --e-global-typography-text-font-weight );\">Tel\u00e9fono: (011) 4629- 8658\/ 4628- 8243&nbsp;&nbsp; Int. 7005<br><\/span><span style=\"background-color: var( --e-global-color-secondary ); color: var( --e-global-color-b9d8027 ); font-family: var( --e-global-typography-text-font-family ), Sans-serif; font-weight: var( --e-global-typography-text-font-weight );\">E-mail:&nbsp;<\/span><span style=\"background-color: var( --e-global-color-secondary ); color: var( --e-global-color-b9d8027 ); font-family: var( --e-global-typography-text-font-family ), Sans-serif; font-weight: var( --e-global-typography-text-font-weight );\"><a href=\"mailto:moronmed@colescba.org.ar\">moronmed@colescba.org.ar<\/a><\/span><\/p><\/div>\n\t\t\t\t<\/div>\n\t\t\t\t\t\t\t<div class=\"elementor-toggle-item\">\n\t\t\t\t\t<h4 id=\"elementor-tab-title-1558\" class=\"elementor-tab-title\" data-tab=\"8\" role=\"button\" aria-controls=\"elementor-tab-content-1558\" aria-expanded=\"false\">\n\t\t\t\t\t\t\t\t\t\t\t\t<span class=\"elementor-toggle-icon elementor-toggle-icon-right\" aria-hidden=\"true\">\n\t\t\t\t\t\t\t\t\t\t\t\t\t\t\t<span class=\"elementor-toggle-icon-closed\"><i class=\"fas fa-plus\"><\/i><\/span>\n\t\t\t\t\t\t\t\t<span class=\"elementor-toggle-icon-opened\"><i class=\"elementor-toggle-icon-opened fas fa-minus\"><\/i><\/span>\n\t\t\t\t\t\t\t\t\t\t\t\t\t<\/span>\n\t\t\t\t\t\t\t\t\t\t\t\t<a class=\"elementor-toggle-title\" tabindex=\"0\">CENTRO DE NECOCHEA<\/a>\n\t\t\t\t\t<\/h4>\n\n\t\t\t\t\t<div id=\"elementor-tab-content-1558\" class=\"elementor-tab-content elementor-clearfix\" data-tab=\"8\" role=\"region\" aria-labelledby=\"elementor-tab-title-1558\"><p><strong>Directora:<\/strong>\u00a0Marta Catalina Loidi<br \/><strong>Secretaria:<\/strong>\u00a0Ver\u00f3nica Storti<br \/><strong>Tesorero:<\/strong>\u00a0Fernando Ria\u00f1o Laboranti<br \/><strong>Colaboradora:<\/strong>\u00a0Lilia Beatriz Garat<br \/>Domicilio: Calle 60 N\u00ba 2661\/63 NECOCHEA<br \/>Tel\u00e9fono: (02262) 43-1482<br \/>E-mail:\u00a0<span id=\"cloakc553c1779848803e09c615c8aa001116\"><a href=\"mailto:necocheamed@colescba.org.ar\">necocheamed@colescba.org.ar<\/a><\/span><\/p><\/div>\n\t\t\t\t<\/div>\n\t\t\t\t\t\t\t<div class=\"elementor-toggle-item\">\n\t\t\t\t\t<h4 id=\"elementor-tab-title-1559\" class=\"elementor-tab-title\" data-tab=\"9\" role=\"button\" aria-controls=\"elementor-tab-content-1559\" aria-expanded=\"false\">\n\t\t\t\t\t\t\t\t\t\t\t\t<span class=\"elementor-toggle-icon elementor-toggle-icon-right\" aria-hidden=\"true\">\n\t\t\t\t\t\t\t\t\t\t\t\t\t\t\t<span class=\"elementor-toggle-icon-closed\"><i class=\"fas fa-plus\"><\/i><\/span>\n\t\t\t\t\t\t\t\t<span class=\"elementor-toggle-icon-opened\"><i class=\"elementor-toggle-icon-opened fas fa-minus\"><\/i><\/span>\n\t\t\t\t\t\t\t\t\t\t\t\t\t<\/span>\n\t\t\t\t\t\t\t\t\t\t\t\t<a class=\"elementor-toggle-title\" tabindex=\"0\">CENTRO DE MEDIACION NUEVE DE JULIO<\/a>\n\t\t\t\t\t<\/h4>\n\n\t\t\t\t\t<div id=\"elementor-tab-content-1559\" class=\"elementor-tab-content elementor-clearfix\" data-tab=\"9\" role=\"region\" aria-labelledby=\"elementor-tab-title-1559\"><p><strong>Directora:<\/strong>\u00a0Not. Ana Laura Pe\u00f1a<br \/>Domicilio: Libertad N\u00ba 836 (B6500EVV) NUEVE DE JULIO<br \/>Tel\u00e9fono: (02317) 42-2123<br \/>E-mail:\u00a0<span id=\"cloak8fd527732c7d52286534756541ce1dde\"><a href=\"mailto:nuevedejulio@colescba.org.ar\">nuevedejulio@colescba.org.ar<\/a><\/span><\/p><\/div>\n\t\t\t\t<\/div>\n\t\t\t\t\t\t\t<div class=\"elementor-toggle-item\">\n\t\t\t\t\t<h4 id=\"elementor-tab-title-15510\" class=\"elementor-tab-title\" data-tab=\"10\" role=\"button\" aria-controls=\"elementor-tab-content-15510\" aria-expanded=\"false\">\n\t\t\t\t\t\t\t\t\t\t\t\t<span class=\"elementor-toggle-icon elementor-toggle-icon-right\" aria-hidden=\"true\">\n\t\t\t\t\t\t\t\t\t\t\t\t\t\t\t<span class=\"elementor-toggle-icon-closed\"><i class=\"fas fa-plus\"><\/i><\/span>\n\t\t\t\t\t\t\t\t<span class=\"elementor-toggle-icon-opened\"><i class=\"elementor-toggle-icon-opened fas fa-minus\"><\/i><\/span>\n\t\t\t\t\t\t\t\t\t\t\t\t\t<\/span>\n\t\t\t\t\t\t\t\t\t\t\t\t<a class=\"elementor-toggle-title\" tabindex=\"0\">CENTRO DE MEDIACION SAN ISIDRO<\/a>\n\t\t\t\t\t<\/h4>\n\n\t\t\t\t\t<div id=\"elementor-tab-content-15510\" class=\"elementor-tab-content elementor-clearfix\" data-tab=\"10\" role=\"region\" aria-labelledby=\"elementor-tab-title-15510\"><p><strong>Directora:&nbsp;<\/strong>Graciela Sanmarco<br><strong>Secretario:<\/strong>&nbsp;Guillermo Sierz<br><strong>Tesorera:<\/strong>&nbsp;Silvia Martinelli<br>Domicilio: Chacabuco 484 (1642) SAN ISIDRO<br>Tel\u00e9fono: (011) 4743-2052\/3629&nbsp;&nbsp;&nbsp; Int. 3012<br>E-mail:&nbsp;<span id=\"cloak636f4341f7811a3b5d5870a1306079bc\"><a href=\"mailto:sanisidromed@colescba.org.ar\">sanisidromed@colescba.org.ar<\/a><\/span><\/p><\/div>\n\t\t\t\t<\/div>\n\t\t\t\t\t\t\t<div class=\"elementor-toggle-item\">\n\t\t\t\t\t<h4 id=\"elementor-tab-title-15511\" class=\"elementor-tab-title\" data-tab=\"11\" role=\"button\" aria-controls=\"elementor-tab-content-15511\" aria-expanded=\"false\">\n\t\t\t\t\t\t\t\t\t\t\t\t<span class=\"elementor-toggle-icon elementor-toggle-icon-right\" aria-hidden=\"true\">\n\t\t\t\t\t\t\t\t\t\t\t\t\t\t\t<span class=\"elementor-toggle-icon-closed\"><i class=\"fas fa-plus\"><\/i><\/span>\n\t\t\t\t\t\t\t\t<span class=\"elementor-toggle-icon-opened\"><i class=\"elementor-toggle-icon-opened fas fa-minus\"><\/i><\/span>\n\t\t\t\t\t\t\t\t\t\t\t\t\t<\/span>\n\t\t\t\t\t\t\t\t\t\t\t\t<a class=\"elementor-toggle-title\" tabindex=\"0\">CENTRO DE MEDIACION SAN MARTIN<\/a>\n\t\t\t\t\t<\/h4>\n\n\t\t\t\t\t<div id=\"elementor-tab-content-15511\" class=\"elementor-tab-content elementor-clearfix\" data-tab=\"11\" role=\"region\" aria-labelledby=\"elementor-tab-title-15511\"><p><strong>Directora:&nbsp;<\/strong>Hilda Delia Vega de Torchia<br><strong>Secretaria:<\/strong>&nbsp;M\u00f3nica Saluppo<br><strong>Tesorera:<\/strong>&nbsp;Gabriela Grynbaum<br>Domicilio: San Mart\u00edn 1834 (1650) SAN MARTIN<br>Tel\u00e9fono: (011) 4752-6132 \/ 4713-0333&nbsp; Int. 4004<br>E-mail:&nbsp;<span><a href=\"mailto:sanmartinmed@colescba.org.ar\">sanmartinmed@colescba.org.ar<\/a><\/span><\/p><\/div>\n\t\t\t\t<\/div>\n\t\t\t\t\t\t\t<div class=\"elementor-toggle-item\">\n\t\t\t\t\t<h4 id=\"elementor-tab-title-15512\" class=\"elementor-tab-title\" data-tab=\"12\" role=\"button\" aria-controls=\"elementor-tab-content-15512\" aria-expanded=\"false\">\n\t\t\t\t\t\t\t\t\t\t\t\t<span class=\"elementor-toggle-icon elementor-toggle-icon-right\" aria-hidden=\"true\">\n\t\t\t\t\t\t\t\t\t\t\t\t\t\t\t<span class=\"elementor-toggle-icon-closed\"><i class=\"fas fa-plus\"><\/i><\/span>\n\t\t\t\t\t\t\t\t<span class=\"elementor-toggle-icon-opened\"><i class=\"elementor-toggle-icon-opened fas fa-minus\"><\/i><\/span>\n\t\t\t\t\t\t\t\t\t\t\t\t\t<\/span>\n\t\t\t\t\t\t\t\t\t\t\t\t<a class=\"elementor-toggle-title\" tabindex=\"0\">CENTRO DE MEDIACION TANDIL<\/a>\n\t\t\t\t\t<\/h4>\n\n\t\t\t\t\t<div id=\"elementor-tab-content-15512\" class=\"elementor-tab-content elementor-clearfix\" data-tab=\"12\" role=\"region\" aria-labelledby=\"elementor-tab-title-15512\"><p><strong>Directora:\u00a0<\/strong>Elena Silvia Ugalde<br \/><strong>Secretaria:\u00a0<\/strong>Cecilia Saling<br \/><strong>Tesorero:\u00a0<\/strong>Alejandro Zubiaurre<br \/>Domicilio: General Rodriguez 453 (7000) TANDIL<br \/>Tel\u00e9fono: (0249) 442 5734 &#8211; Fax: 444 3422.<br \/>E-mail:\u00a0<span id=\"cloakd294a20e04e24ffe73375d5e927d446e\"><a href=\"mailto:tandilmed@colescba.org.ar\">tandilmed@colescba.org.ar<\/a><\/span><\/p><\/div>\n\t\t\t\t<\/div>\n\t\t\t\t\t\t\t<div class=\"elementor-toggle-item\">\n\t\t\t\t\t<h4 id=\"elementor-tab-title-15513\" class=\"elementor-tab-title\" data-tab=\"13\" role=\"button\" aria-controls=\"elementor-tab-content-15513\" aria-expanded=\"false\">\n\t\t\t\t\t\t\t\t\t\t\t\t<span class=\"elementor-toggle-icon elementor-toggle-icon-right\" aria-hidden=\"true\">\n\t\t\t\t\t\t\t\t\t\t\t\t\t\t\t<span class=\"elementor-toggle-icon-closed\"><i class=\"fas fa-plus\"><\/i><\/span>\n\t\t\t\t\t\t\t\t<span class=\"elementor-toggle-icon-opened\"><i class=\"elementor-toggle-icon-opened fas fa-minus\"><\/i><\/span>\n\t\t\t\t\t\t\t\t\t\t\t\t\t<\/span>\n\t\t\t\t\t\t\t\t\t\t\t\t<a class=\"elementor-toggle-title\" tabindex=\"0\">CENTRO DE MEDIACION TRENQUE LAUQUEN<\/a>\n\t\t\t\t\t<\/h4>\n\n\t\t\t\t\t<div id=\"elementor-tab-content-15513\" class=\"elementor-tab-content elementor-clearfix\" data-tab=\"13\" role=\"region\" aria-labelledby=\"elementor-tab-title-15513\"><p><strong>Directora:<\/strong>\u00a0Not Mar\u00eda Cristina Garc\u00eda<br \/>Domicilio: Leandro N. Alem N\u00ba 172 (B6400BBO) TRENQUE LAUQUEN<br \/>Tel\u00e9fono: (02392) 42-2105<br \/>E-mail:\u00a0<span id=\"cloakb660c0748672a3eacaf196e4e85adf86\"><a href=\"mailto:trenquelauquen@colescba.org.ar\">trenquelauquen@colescba.org.ar<\/a><\/span><\/p><\/div>\n\t\t\t\t<\/div>\n\t\t\t\t\t\t\t\t<\/div>\n\t\t\t\t<\/div>\n\t\t\t\t<\/div>\n\t\t\t\t\t<\/div>\n\t\t<\/div>\n\t\t\t\t\t<\/div>\n\t\t<\/section>\n\t\t\t\t<section class=\"elementor-section elementor-top-section elementor-element elementor-element-475457b elementor-section-boxed elementor-section-height-default elementor-section-height-default\" data-id=\"475457b\" data-element_type=\"section\" data-settings=\"{&quot;background_background&quot;:&quot;classic&quot;}\">\n\t\t\t\t\t\t<div class=\"elementor-container elementor-column-gap-default\">\n\t\t\t\t\t<div class=\"elementor-column elementor-col-100 elementor-top-column elementor-element elementor-element-47bd52f\" data-id=\"47bd52f\" data-element_type=\"column\">\n\t\t\t<div class=\"elementor-widget-wrap elementor-element-populated\">\n\t\t\t\t\t\t<div class=\"elementor-element elementor-element-d8196ee elementor-widget elementor-widget-heading\" data-id=\"d8196ee\" data-element_type=\"widget\" data-widget_type=\"heading.default\">\n\t\t\t\t<div class=\"elementor-widget-container\">\n\t\t\t<h3 class=\"elementor-heading-title elementor-size-default\">Descargas<\/h3>\t\t<\/div>\n\t\t\t\t<\/div>\n\t\t\t\t<section class=\"elementor-section elementor-inner-section elementor-element elementor-element-0760ff0 elementor-section-boxed elementor-section-height-default elementor-section-height-default\" data-id=\"0760ff0\" data-element_type=\"section\">\n\t\t\t\t\t\t<div class=\"elementor-container elementor-column-gap-default\">\n\t\t\t\t\t<div class=\"elementor-column elementor-col-33 elementor-inner-column elementor-element elementor-element-14b8820\" data-id=\"14b8820\" data-element_type=\"column\">\n\t\t\t<div class=\"elementor-widget-wrap elementor-element-populated\">\n\t\t\t\t\t\t<div class=\"elementor-element elementor-element-4252d92 elementor-cta--valign-middle elementor-bg-transform elementor-bg-transform-zoom-out box-info elementor-cta--skin-classic elementor-animated-content elementor-widget elementor-widget-call-to-action\" data-id=\"4252d92\" data-element_type=\"widget\" data-widget_type=\"call-to-action.default\">\n\t\t\t\t<div class=\"elementor-widget-container\">\n\t\t\t\t\t<a class=\"elementor-cta\" href=\"https:\/\/www.colescba.org.ar\/portal\/wp-content\/uploads\/2022\/07\/CIM_reglamento-2022.pdf\" target=\"_blank\">\n\t\t\t\t\t\t\t<div class=\"elementor-cta__content\">\n\t\t\t\t\n\t\t\t\t\t\t\t\t\t<h3 class=\"elementor-cta__title elementor-cta__content-item elementor-content-item\">\n\t\t\t\t\t\tReglamento del Centro Institucional de Mediaci\u00f3n\t\t\t\t\t<\/h3>\n\t\t\t\t\n\t\t\t\t\n\t\t\t\t\t\t\t<\/div>\n\t\t\t\t\t\t<\/a>\n\t\t\t\t<\/div>\n\t\t\t\t<\/div>\n\t\t\t\t\t<\/div>\n\t\t<\/div>\n\t\t\t\t<div class=\"elementor-column elementor-col-33 elementor-inner-column elementor-element elementor-element-80ca024\" data-id=\"80ca024\" data-element_type=\"column\">\n\t\t\t<div class=\"elementor-widget-wrap elementor-element-populated\">\n\t\t\t\t\t\t<div class=\"elementor-element elementor-element-7f0f34e elementor-cta--valign-middle elementor-bg-transform elementor-bg-transform-zoom-out box-info elementor-cta--skin-classic elementor-animated-content elementor-widget elementor-widget-call-to-action\" data-id=\"7f0f34e\" data-element_type=\"widget\" data-widget_type=\"call-to-action.default\">\n\t\t\t\t<div class=\"elementor-widget-container\">\n\t\t\t\t\t<a class=\"elementor-cta\" href=\"https:\/\/www.colescba.org.ar\/portal\/wp-content\/uploads\/2022\/08\/mediacion-en-el-mundo.pdf\" target=\"_blank\">\n\t\t\t\t\t\t\t<div class=\"elementor-cta__content\">\n\t\t\t\t\n\t\t\t\t\t\t\t\t\t<h3 class=\"elementor-cta__title elementor-cta__content-item elementor-content-item\">\n\t\t\t\t\t\t\"Mediaci\u00f3n en el mundo\". Reinvenci\u00f3n en tiempos de pandemia\t\t\t\t\t<\/h3>\n\t\t\t\t\n\t\t\t\t\n\t\t\t\t\t\t\t<\/div>\n\t\t\t\t\t\t\t<div class=\"elementor-ribbon\">\n\t\t\t\t<div class=\"elementor-ribbon-inner\">LIBRO DIGITAL <\/div>\n\t\t\t<\/div>\n\t\t\t\t<\/a>\n\t\t\t\t<\/div>\n\t\t\t\t<\/div>\n\t\t\t\t\t<\/div>\n\t\t<\/div>\n\t\t\t\t<div class=\"elementor-column elementor-col-33 elementor-inner-column elementor-element elementor-element-ae49d59 elementor-hidden-tablet elementor-hidden-mobile\" data-id=\"ae49d59\" data-element_type=\"column\">\n\t\t\t<div class=\"elementor-widget-wrap elementor-element-populated\">\n\t\t\t\t\t\t<div class=\"elementor-element elementor-element-d20155d elementor-cta--valign-middle elementor-bg-transform elementor-bg-transform-zoom-out box-info elementor-cta--skin-classic elementor-animated-content elementor-widget elementor-widget-call-to-action\" data-id=\"d20155d\" data-element_type=\"widget\" data-widget_type=\"call-to-action.default\">\n\t\t\t\t<div class=\"elementor-widget-container\">\n\t\t\t\t\t<a class=\"elementor-cta\" href=\"https:\/\/www.colescba.org.ar\/portal\/wp-content\/uploads\/2023\/03\/LA-SEGURIDAD-JURIDICA-DEL-DOCUMENTO-NOTARIAL-EN-ENTORNOS-DE-CRISIS-FAMILIARES.-Balducci-Trabajo-UINL.pdf\" target=\"_blank\">\n\t\t\t\t\t\t\t<div class=\"elementor-cta__content\">\n\t\t\t\t\n\t\t\t\t\t\t\t\t\t<h3 class=\"elementor-cta__title elementor-cta__content-item elementor-content-item\">\n\t\t\t\t\t\tLa seguridad jur\u00eddica del documento notarial en entornos de crisis familiares \t\t\t\t\t<\/h3>\n\t\t\t\t\n\t\t\t\t\n\t\t\t\t\t\t\t<\/div>\n\t\t\t\t\t\t\t<div class=\"elementor-ribbon\">\n\t\t\t\t<div class=\"elementor-ribbon-inner\">TRABAJO UINL<\/div>\n\t\t\t<\/div>\n\t\t\t\t<\/a>\n\t\t\t\t<\/div>\n\t\t\t\t<\/div>\n\t\t\t\t\t<\/div>\n\t\t<\/div>\n\t\t\t\t\t<\/div>\n\t\t<\/section>\n\t\t\t\t\t<\/div>\n\t\t<\/div>\n\t\t\t\t\t<\/div>\n\t\t<\/section>\n\t\t\t\t<section class=\"elementor-section elementor-top-section elementor-element elementor-element-b969fb9 elementor-section-boxed elementor-section-height-default elementor-section-height-default\" data-id=\"b969fb9\" data-element_type=\"section\" data-settings=\"{&quot;background_background&quot;:&quot;classic&quot;}\">\n\t\t\t\t\t\t<div class=\"elementor-container elementor-column-gap-wider\">\n\t\t\t\t\t<div class=\"elementor-column elementor-col-100 elementor-top-column elementor-element elementor-element-b801bec\" data-id=\"b801bec\" data-element_type=\"column\">\n\t\t\t<div class=\"elementor-widget-wrap elementor-element-populated\">\n\t\t\t\t\t\t<div class=\"elementor-element elementor-element-c62ac81 elementor-widget elementor-widget-heading\" data-id=\"c62ac81\" data-element_type=\"widget\" data-widget_type=\"heading.default\">\n\t\t\t\t<div class=\"elementor-widget-container\">\n\t\t\t<h3 class=\"elementor-heading-title elementor-size-default\">Datos \u00datiles<\/h3>\t\t<\/div>\n\t\t\t\t<\/div>\n\t\t\t\t<div class=\"elementor-element elementor-element-ae8d7b4 elementor-align-left elementor-icon-list--layout-traditional elementor-list-item-link-full_width elementor-widget elementor-widget-icon-list\" data-id=\"ae8d7b4\" data-element_type=\"widget\" data-widget_type=\"icon-list.default\">\n\t\t\t\t<div class=\"elementor-widget-container\">\n\t\t\t\t\t<ul class=\"elementor-icon-list-items\">\n\t\t\t\t\t\t\t<li class=\"elementor-icon-list-item\">\n\t\t\t\t\t\t\t\t\t\t\t<span class=\"elementor-icon-list-icon\">\n\t\t\t\t\t\t\t<i aria-hidden=\"true\" class=\"fas fa-user\"><\/i>\t\t\t\t\t\t<\/span>\n\t\t\t\t\t\t\t\t\t\t<span class=\"elementor-icon-list-text\">Directora: Graciela Beatriz Curuchelar<\/span>\n\t\t\t\t\t\t\t\t\t<\/li>\n\t\t\t\t\t\t\t\t<li class=\"elementor-icon-list-item\">\n\t\t\t\t\t\t\t\t\t\t\t<span class=\"elementor-icon-list-icon\">\n\t\t\t\t\t\t\t<i aria-hidden=\"true\" class=\"fas fa-user\"><\/i>\t\t\t\t\t\t<\/span>\n\t\t\t\t\t\t\t\t\t\t<span class=\"elementor-icon-list-text\">Secretaria: Carla Gabriela Balducci<\/span>\n\t\t\t\t\t\t\t\t\t<\/li>\n\t\t\t\t\t\t\t\t<li class=\"elementor-icon-list-item\">\n\t\t\t\t\t\t\t\t\t\t\t<span class=\"elementor-icon-list-icon\">\n\t\t\t\t\t\t\t<i aria-hidden=\"true\" class=\"fas fa-user\"><\/i>\t\t\t\t\t\t<\/span>\n\t\t\t\t\t\t\t\t\t\t<span class=\"elementor-icon-list-text\">Tesorera: Graciela Vilalta<\/span>\n\t\t\t\t\t\t\t\t\t<\/li>\n\t\t\t\t\t\t\t\t<li class=\"elementor-icon-list-item\">\n\t\t\t\t\t\t\t\t\t\t\t<span class=\"elementor-icon-list-icon\">\n\t\t\t\t\t\t\t<i aria-hidden=\"true\" class=\"fas fa-user\"><\/i>\t\t\t\t\t\t<\/span>\n\t\t\t\t\t\t\t\t\t\t<span class=\"elementor-icon-list-text\">Colaboradora: Mar\u00eda Cristina Garc\u00eda<\/span>\n\t\t\t\t\t\t\t\t\t<\/li>\n\t\t\t\t\t\t\t\t<li class=\"elementor-icon-list-item\">\n\t\t\t\t\t\t\t\t\t\t\t<span class=\"elementor-icon-list-icon\">\n\t\t\t\t\t\t\t<i aria-hidden=\"true\" class=\"fas fa-user\"><\/i>\t\t\t\t\t\t<\/span>\n\t\t\t\t\t\t\t\t\t\t<span class=\"elementor-icon-list-text\">Colaboradora Acad\u00e9mica: Mariana Rospide<\/span>\n\t\t\t\t\t\t\t\t\t<\/li>\n\t\t\t\t\t\t\t\t<li class=\"elementor-icon-list-item\">\n\t\t\t\t\t\t\t\t\t\t\t<span class=\"elementor-icon-list-icon\">\n\t\t\t\t\t\t\t<i aria-hidden=\"true\" class=\"fas fa-map-marker-alt\"><\/i>\t\t\t\t\t\t<\/span>\n\t\t\t\t\t\t\t\t\t\t<span class=\"elementor-icon-list-text\">Av. 13 esq. 47 - La Plata<\/span>\n\t\t\t\t\t\t\t\t\t<\/li>\n\t\t\t\t\t\t\t\t<li class=\"elementor-icon-list-item\">\n\t\t\t\t\t\t\t\t\t\t\t<span class=\"elementor-icon-list-icon\">\n\t\t\t\t\t\t\t<i aria-hidden=\"true\" class=\"fas fa-phone-alt\"><\/i>\t\t\t\t\t\t<\/span>\n\t\t\t\t\t\t\t\t\t\t<span class=\"elementor-icon-list-text\">(0221) 412-1884 o 412-1800 int. 1922<\/span>\n\t\t\t\t\t\t\t\t\t<\/li>\n\t\t\t\t\t\t\t\t<li class=\"elementor-icon-list-item\">\n\t\t\t\t\t\t\t\t\t\t\t<a href=\"mailto:inspectores@colescba.org.ar\">\n\n\t\t\t\t\t\t\t\t\t\t\t\t<span class=\"elementor-icon-list-icon\">\n\t\t\t\t\t\t\t<i aria-hidden=\"true\" class=\"fas fa-envelope\"><\/i>\t\t\t\t\t\t<\/span>\n\t\t\t\t\t\t\t\t\t\t<span class=\"elementor-icon-list-text\">mediacion@colescba.org.ar<\/span>\n\t\t\t\t\t\t\t\t\t\t\t<\/a>\n\t\t\t\t\t\t\t\t\t<\/li>\n\t\t\t\t\t\t<\/ul>\n\t\t\t\t<\/div>\n\t\t\t\t<\/div>\n\t\t\t\t\t<\/div>\n\t\t<\/div>\n\t\t\t\t\t<\/div>\n\t\t<\/section>\n\t\t\t\t<\/div>\n\t\t","protected":false},"excerpt":{"rendered":"<p>Centro Institucional de Mediaci\u00f3n El Centro Institucional de Mediaci\u00f3n \u00abJuan Jos\u00e9 Cinqualbrez\u00bb tiene como objetivo realizar mediaciones voluntarias (Ley 13951) difundir la mediaci\u00f3n, sus principios<\/p>\n","protected":false},"author":6,"featured_media":45187,"parent":0,"menu_order":0,"comment_status":"closed","ping_status":"closed","template":"","meta":{"footnotes":""},"class_list":["post-10587","page","type-page","status-publish","has-post-thumbnail","hentry"],"acf":[],"_links":{"self":[{"href":"https:\/\/www.colescba.org.ar\/portal\/wp-json\/wp\/v2\/pages\/10587","targetHints":{"allow":["GET"]}}],"collection":[{"href":"https:\/\/www.colescba.org.ar\/portal\/wp-json\/wp\/v2\/pages"}],"about":[{"href":"https:\/\/www.colescba.org.ar\/portal\/wp-json\/wp\/v2\/types\/page"}],"author":[{"embeddable":true,"href":"https:\/\/www.colescba.org.ar\/portal\/wp-json\/wp\/v2\/users\/6"}],"replies":[{"embeddable":true,"href":"https:\/\/www.colescba.org.ar\/portal\/wp-json\/wp\/v2\/comments?post=10587"}],"version-history":[{"count":396,"href":"https:\/\/www.colescba.org.ar\/portal\/wp-json\/wp\/v2\/pages\/10587\/revisions"}],"predecessor-version":[{"id":62031,"href":"https:\/\/www.colescba.org.ar\/portal\/wp-json\/wp\/v2\/pages\/10587\/revisions\/62031"}],"wp:featuredmedia":[{"embeddable":true,"href":"https:\/\/www.colescba.org.ar\/portal\/wp-json\/wp\/v2\/media\/45187"}],"wp:attachment":[{"href":"https:\/\/www.colescba.org.ar\/portal\/wp-json\/wp\/v2\/media?parent=10587"}],"curies":[{"name":"wp","href":"https:\/\/api.w.org\/{rel}","templated":true}]}}