{"id":1118,"date":"2022-02-04T18:50:04","date_gmt":"2022-02-04T18:50:04","guid":{"rendered":"https:\/\/www.colescba.org.ar\/portal\/?page_id=1118"},"modified":"2026-04-16T08:55:21","modified_gmt":"2026-04-16T11:55:21","slug":"comisiones-asesoras","status":"publish","type":"page","link":"https:\/\/www.colescba.org.ar\/portal\/quienes-somos\/comisiones-asesoras","title":{"rendered":"Comisiones Asesoras"},"content":{"rendered":"\t\t<div data-elementor-type=\"wp-page\" data-elementor-id=\"1118\" class=\"elementor elementor-1118\" data-elementor-post-type=\"page\">\n\t\t\t\t\t\t<section class=\"elementor-section elementor-top-section elementor-element elementor-element-852d171 elementor-section-boxed elementor-section-height-default elementor-section-height-default\" data-id=\"852d171\" data-element_type=\"section\">\n\t\t\t\t\t\t\t<div class=\"elementor-background-overlay\"><\/div>\n\t\t\t\t\t\t\t<div class=\"elementor-container elementor-column-gap-default\">\n\t\t\t\t\t<div class=\"elementor-column elementor-col-100 elementor-top-column elementor-element elementor-element-e1d2ab1\" data-id=\"e1d2ab1\" data-element_type=\"column\">\n\t\t\t<div class=\"elementor-widget-wrap elementor-element-populated\">\n\t\t\t\t\t\t<section class=\"elementor-section elementor-inner-section elementor-element elementor-element-1b2bd6f elementor-section-boxed elementor-section-height-default elementor-section-height-default\" data-id=\"1b2bd6f\" data-element_type=\"section\">\n\t\t\t\t\t\t<div class=\"elementor-container elementor-column-gap-default\">\n\t\t\t\t\t<div class=\"elementor-column elementor-col-100 elementor-inner-column elementor-element elementor-element-578d435\" data-id=\"578d435\" data-element_type=\"column\">\n\t\t\t<div class=\"elementor-widget-wrap elementor-element-populated\">\n\t\t\t\t\t\t<div class=\"elementor-element elementor-element-4c1b380 elementor-widget elementor-widget-heading\" data-id=\"4c1b380\" data-element_type=\"widget\" data-widget_type=\"heading.default\">\n\t\t\t\t<div class=\"elementor-widget-container\">\n\t\t\t<h1 class=\"elementor-heading-title elementor-size-default\">Comisiones asesoras (2024-2026)<\/h1>\t\t<\/div>\n\t\t\t\t<\/div>\n\t\t\t\t\t<\/div>\n\t\t<\/div>\n\t\t\t\t\t<\/div>\n\t\t<\/section>\n\t\t\t\t\t<\/div>\n\t\t<\/div>\n\t\t\t\t\t<\/div>\n\t\t<\/section>\n\t\t\t\t<section class=\"elementor-section elementor-top-section elementor-element elementor-element-720c1e9 elementor-section-boxed elementor-section-height-default elementor-section-height-default\" data-id=\"720c1e9\" data-element_type=\"section\">\n\t\t\t\t\t\t<div class=\"elementor-container elementor-column-gap-default\">\n\t\t\t\t\t<div class=\"elementor-column elementor-col-100 elementor-top-column elementor-element elementor-element-a39da97\" data-id=\"a39da97\" data-element_type=\"column\">\n\t\t\t<div class=\"elementor-widget-wrap elementor-element-populated\">\n\t\t\t\t\t\t<div class=\"elementor-element elementor-element-796e92e elementor-widget elementor-widget-toggle\" data-id=\"796e92e\" data-element_type=\"widget\" data-widget_type=\"toggle.default\">\n\t\t\t\t<div class=\"elementor-widget-container\">\n\t\t\t\t\t<div class=\"elementor-toggle\">\n\t\t\t\t\t\t\t<div class=\"elementor-toggle-item\">\n\t\t\t\t\t<h4 id=\"elementor-tab-title-1271\" class=\"elementor-tab-title\" data-tab=\"1\" role=\"button\" aria-controls=\"elementor-tab-content-1271\" aria-expanded=\"false\">\n\t\t\t\t\t\t\t\t\t\t\t\t<span class=\"elementor-toggle-icon elementor-toggle-icon-right\" aria-hidden=\"true\">\n\t\t\t\t\t\t\t\t\t\t\t\t\t\t\t<span class=\"elementor-toggle-icon-closed\"><i class=\"fas fa-plus\"><\/i><\/span>\n\t\t\t\t\t\t\t\t<span class=\"elementor-toggle-icon-opened\"><i class=\"elementor-toggle-icon-opened fas fa-minus\"><\/i><\/span>\n\t\t\t\t\t\t\t\t\t\t\t\t\t<\/span>\n\t\t\t\t\t\t\t\t\t\t\t\t<a class=\"elementor-toggle-title\" tabindex=\"0\">PRESIDENCIA | Guillermo An\u00edbal Longhi<\/a>\n\t\t\t\t\t<\/h4>\n\n\t\t\t\t\t<div id=\"elementor-tab-content-1271\" class=\"elementor-tab-content elementor-clearfix\" data-tab=\"1\" role=\"region\" aria-labelledby=\"elementor-tab-title-1271\"><ul><li><span lang=\"es\">Coordinaci\u00f3n de gesti\u00f3n\u00a0<\/span><\/li><li><span lang=\"es\">Coordinaci\u00f3n con delegaciones<\/span><\/li><li>Uni\u00f3n Internacional del Notariado (UINL)<\/li><li>Consejo Federal del Notariado Argentino (CFNA)<\/li><li>Relaciones pol\u00edticas<\/li><\/ul><\/div>\n\t\t\t\t<\/div>\n\t\t\t\t\t\t\t<div class=\"elementor-toggle-item\">\n\t\t\t\t\t<h4 id=\"elementor-tab-title-1272\" class=\"elementor-tab-title\" data-tab=\"2\" role=\"button\" aria-controls=\"elementor-tab-content-1272\" aria-expanded=\"false\">\n\t\t\t\t\t\t\t\t\t\t\t\t<span class=\"elementor-toggle-icon elementor-toggle-icon-right\" aria-hidden=\"true\">\n\t\t\t\t\t\t\t\t\t\t\t\t\t\t\t<span class=\"elementor-toggle-icon-closed\"><i class=\"fas fa-plus\"><\/i><\/span>\n\t\t\t\t\t\t\t\t<span class=\"elementor-toggle-icon-opened\"><i class=\"elementor-toggle-icon-opened fas fa-minus\"><\/i><\/span>\n\t\t\t\t\t\t\t\t\t\t\t\t\t<\/span>\n\t\t\t\t\t\t\t\t\t\t\t\t<a class=\"elementor-toggle-title\" tabindex=\"0\">VICEPRESIDENCIA 1\u00aa | Maximiliano Molina<\/a>\n\t\t\t\t\t<\/h4>\n\n\t\t\t\t\t<div id=\"elementor-tab-content-1272\" class=\"elementor-tab-content elementor-clearfix\" data-tab=\"2\" role=\"region\" aria-labelledby=\"elementor-tab-title-1272\"><ul><li>Archivo de Actuaciones Notariales<\/li><li>Centro Institucional de Mediaci\u00f3n<\/li><li>Departamento de Registros Especiales<\/li><li>Departamento de Inspecci\u00f3n General<\/li><li>Comisi\u00f3n de Concursos<strong style=\"background-color: var( --e-global-color-secondary ); color: var( --e-global-color-b9d8027 ); font-family: var( --e-global-typography-text-font-family ), Sans-serif;\"><br \/><\/strong><em>Mar\u00eda Cecilia L\u00f3pez (Presidente); Gast\u00f3n Erramouspe; Gustavo Emanuel Mittica; Estefan\u00eda Casati; Natalia Blasi Bucciarelli; Emilio Eduardo Ballina Benites; Carolina Ver\u00f3nica Seoane; Estela Mar\u00eda Zubiaurre<\/em><\/li><li>Comisi\u00f3n de Noveles<strong style=\"background-color: var( --e-global-color-secondary ); color: var( --e-global-color-b9d8027 ); font-family: var( --e-global-typography-text-font-family ), Sans-serif;\"><br \/><\/strong><em>Catalina Malara; Santiago Pinto; Felicitas Bruzzo; Ana Clara Sabatini Ayarra; Macarena Morcillo; Catalina Vattuone Marti; Micaela Sa\u00e9nz Basilaki; Agust\u00edn Miralles<\/em><\/li><\/ul><\/div>\n\t\t\t\t<\/div>\n\t\t\t\t\t\t\t<div class=\"elementor-toggle-item\">\n\t\t\t\t\t<h4 id=\"elementor-tab-title-1273\" class=\"elementor-tab-title\" data-tab=\"3\" role=\"button\" aria-controls=\"elementor-tab-content-1273\" aria-expanded=\"false\">\n\t\t\t\t\t\t\t\t\t\t\t\t<span class=\"elementor-toggle-icon elementor-toggle-icon-right\" aria-hidden=\"true\">\n\t\t\t\t\t\t\t\t\t\t\t\t\t\t\t<span class=\"elementor-toggle-icon-closed\"><i class=\"fas fa-plus\"><\/i><\/span>\n\t\t\t\t\t\t\t\t<span class=\"elementor-toggle-icon-opened\"><i class=\"elementor-toggle-icon-opened fas fa-minus\"><\/i><\/span>\n\t\t\t\t\t\t\t\t\t\t\t\t\t<\/span>\n\t\t\t\t\t\t\t\t\t\t\t\t<a class=\"elementor-toggle-title\" tabindex=\"0\">VICEPRESIDENCIA 2\u00aa | Hayd\u00e9e Sabina Podrez Yaniz<\/a>\n\t\t\t\t\t<\/h4>\n\n\t\t\t\t\t<div id=\"elementor-tab-content-1273\" class=\"elementor-tab-content elementor-clearfix\" data-tab=\"3\" role=\"region\" aria-labelledby=\"elementor-tab-title-1273\"><ul><li class=\"x_MsoNormal\"><span lang=\"ES\">Tribunal Notarial<\/span><\/li><li class=\"x_MsoNormal\">Asesor\u00eda Notarial Personalizada<\/li><li class=\"x_MsoNormal\">Universidad Notarial Argentina (UNA)<\/li><li class=\"x_MsoNormal\">Delegados de la UNA<\/li><li class=\"x_MsoNormal\">Oficina de Regularizaci\u00f3n Dominial y Vivienda Social<\/li><li class=\"x_MsoNormal\">Tribunal de Control de los RNRD<\/li><li>Comisi\u00f3n de G\u00e9nero y Derechos Humanos<strong style=\"background-color: var( --e-global-color-secondary ); color: var( --e-global-color-b9d8027 ); font-family: var( --e-global-typography-text-font-family ), Sans-serif;\"><br \/><\/strong><em>Marcela Viviana Spina (Presidente); Kelina Dinet L\u00f3pez; Ren\u00e9 Carlos Casas; Mar\u00eda Lucia Cajarville; Mar\u00eda Paula Etchart; Adriana Myrtha Sosa; Josefina Duco; Luc\u00eda Gianfrancesco<\/em><\/li><li><span style=\"background-color: var( --e-global-color-secondary ); color: var( --e-global-color-b9d8027 ); font-family: var( --e-global-typography-text-font-family ), Sans-serif;\">Comisi\u00f3n de Legislaci\u00f3n y Jurisprudencia<br \/><em>Mariana Hefling (Presidente); Juana Bovati; Cecilia Dubini; Mar\u00eda Paula Etchart; Santiago Falbo; Gast\u00f3n Renato di Castelnuovo; Mar\u00eda Isabel Tomizzi; Juan Andr\u00e9s Bravo<\/em><br \/><\/span><\/li><li><span style=\"background-color: var( --e-global-color-secondary ); color: var( --e-global-color-b9d8027 ); font-family: var( --e-global-typography-text-font-family ), Sans-serif;\">Comisi\u00f3n de Regularizaci\u00f3n Dominial<br \/><em>Cora Mar\u00eda Barreto Peltzer (Presidente); Marcela Marta Voiscovich; Valeria Mar\u00eda Pierrot; Esteban Bedoya; Giselle Paola Eiras Deniche; Daiana P\u00e9rez; Juan Luis Cadierno<\/em><br \/><\/span><\/li><li><span style=\"background-color: var( --e-global-color-secondary ); color: var( --e-global-color-b9d8027 ); font-family: var( --e-global-typography-text-font-family ), Sans-serif;\">Comisi\u00f3n de Compromiso Social, Vivienda y H\u00e1bitat<br \/><\/span><em>Manuel Jos\u00e9 Carricajo (Presidente); Marina Mar\u00eda Copello; Pablo Javier Courett; Mar\u00eda Jimena Brusco; Malena Malacalza; Roberto Pablo Silbert; Francisco Alejandro Chicote; Mar\u00eda Felisa Mendiz\u00e1bal<\/em><\/li><li>Comisi\u00f3n de Congresos, Jornadas y Encuentros<br \/><em>Tom\u00e1s Augusto Lamber (Presidente); Vilma Claudia Rosello; Mar\u00eda Elina Molinari; Mar\u00eda Luz Berterretche Mateos; Gabriela Dina Piccardo; Maximina Zabala; Luciano Ch\u00e1vez; Guadalupe Astrid Tarapow<\/em><\/li><\/ul><\/div>\n\t\t\t\t<\/div>\n\t\t\t\t\t\t\t<div class=\"elementor-toggle-item\">\n\t\t\t\t\t<h4 id=\"elementor-tab-title-1274\" class=\"elementor-tab-title\" data-tab=\"4\" role=\"button\" aria-controls=\"elementor-tab-content-1274\" aria-expanded=\"false\">\n\t\t\t\t\t\t\t\t\t\t\t\t<span class=\"elementor-toggle-icon elementor-toggle-icon-right\" aria-hidden=\"true\">\n\t\t\t\t\t\t\t\t\t\t\t\t\t\t\t<span class=\"elementor-toggle-icon-closed\"><i class=\"fas fa-plus\"><\/i><\/span>\n\t\t\t\t\t\t\t\t<span class=\"elementor-toggle-icon-opened\"><i class=\"elementor-toggle-icon-opened fas fa-minus\"><\/i><\/span>\n\t\t\t\t\t\t\t\t\t\t\t\t\t<\/span>\n\t\t\t\t\t\t\t\t\t\t\t\t<a class=\"elementor-toggle-title\" tabindex=\"0\">SECRETAR\u00cdA DE GOBIERNO | Carina P\u00e9rez Lozano<\/a>\n\t\t\t\t\t<\/h4>\n\n\t\t\t\t\t<div id=\"elementor-tab-content-1274\" class=\"elementor-tab-content elementor-clearfix\" data-tab=\"4\" role=\"region\" aria-labelledby=\"elementor-tab-title-1274\"><ul><li class=\"x_MsoNormal\"><span lang=\"ES\">Relaci\u00f3n con ARBA<\/span><\/li><li class=\"x_MsoNormal\">Relaci\u00f3n con la Direcci\u00f3n Provincial del Registro de la Propiedad<\/li><li class=\"x_MsoNormal\">Relaci\u00f3n con las municipalidades<\/li><li class=\"x_MsoNormal\">Instituto de Derecho Registral<\/li><li class=\"x_MsoNormal\">Asesor\u00eda Tributaria<\/li><li class=\"x_MsoNormal\">Relaci\u00f3n con la Direcci\u00f3n Provincial de Personas Jur\u00eddicas y el Ente Provincial<\/li><li class=\"x_MsoNormal\">Comisi\u00f3n de Asuntos Fiscales y Administrativos<br \/><em>Nicol\u00e1s C\u00e9sar M\u00e1spoli (Presidente); Mar\u00eda Losardo; Mar\u00eda Alejandra Re; Valeria Lourdes Dorantti Garc\u00eda; Br\u00edgida Gloria Raffo; Patricia Edith Montes; Juan Ignacio Rodr\u00edguez; B\u00e1rbara Drake; Osvaldo Natalio Togni; Silvia Gabriela Giler.<\/em><\/li><li class=\"x_MsoNormal\">Comisi\u00f3n de Asesores Registrales<br \/><em>Magdalena De Vega; Alfredo Ceferino Troilo Marcos; Viviana Rita Mar\u00eda Pellegrino de Scotto Lavina; Martin Pagni; Milena Garc\u00eda; Mariana Armendariz; Ana Antonieta Lavecchia; Gustavo An\u00edbal Bras; Delia Mar\u00eda Miranda; Mario Germ\u00e1n Bordenave; Luis Felipe Basanta; Ver\u00f3nica Estela Gervasi; Laura In\u00e9s V\u00e1zquez; Gabriela Alejandra Vacccaro; Andr\u00e9s Pianzola; Guillermo Borges; Ana Luisa Hijano<\/em><\/li><li class=\"x_MsoNormal\">Comisi\u00f3n de Personas Jur\u00eddicas<br \/><em>Marcos Heredia (Presidente); Mar\u00eda Lujan Alejandra Lalanne de Pugnaloni; Manuel Aguilera; Dora Nancy Fiorentini; Esteban Roberto Ebrecht; Leonardo Daniel Villegas; Andrea Daniela Bordicelli; Mar\u00eda de las Mercedes Lynn Berecibar<\/em><\/li><\/ul><\/div>\n\t\t\t\t<\/div>\n\t\t\t\t\t\t\t<div class=\"elementor-toggle-item\">\n\t\t\t\t\t<h4 id=\"elementor-tab-title-1275\" class=\"elementor-tab-title\" data-tab=\"5\" role=\"button\" aria-controls=\"elementor-tab-content-1275\" aria-expanded=\"false\">\n\t\t\t\t\t\t\t\t\t\t\t\t<span class=\"elementor-toggle-icon elementor-toggle-icon-right\" aria-hidden=\"true\">\n\t\t\t\t\t\t\t\t\t\t\t\t\t\t\t<span class=\"elementor-toggle-icon-closed\"><i class=\"fas fa-plus\"><\/i><\/span>\n\t\t\t\t\t\t\t\t<span class=\"elementor-toggle-icon-opened\"><i class=\"elementor-toggle-icon-opened fas fa-minus\"><\/i><\/span>\n\t\t\t\t\t\t\t\t\t\t\t\t\t<\/span>\n\t\t\t\t\t\t\t\t\t\t\t\t<a class=\"elementor-toggle-title\" tabindex=\"0\">SECRETAR\u00cdA DE ASUNTOS PREVISIONALES | Mar\u00eda Paula Velilla<\/a>\n\t\t\t\t\t<\/h4>\n\n\t\t\t\t\t<div id=\"elementor-tab-content-1275\" class=\"elementor-tab-content elementor-clearfix\" data-tab=\"5\" role=\"region\" aria-labelledby=\"elementor-tab-title-1275\"><ul><li class=\"x_MsoNormal\"><span lang=\"ES\">Divisi\u00f3n Atenci\u00f3n de la Salud<\/span><\/li><li class=\"x_MsoNormal\">Divisi\u00f3n Jubilaciones y Subsidios<\/li><li class=\"x_MsoNormal\">Divisi\u00f3n Pr\u00e9stamos y Turismo<\/li><li class=\"x_MsoNormal\">Comisi\u00f3n de Atenci\u00f3n de la Salud<br \/><em>Natalia Mart\u00ednez Dodda (Presidente); Cecilia Gentilini; Sandra Mirna Fern\u00e1ndez; Paula Benegas Laria; Ramiro Mar\u00eda Flores; Pablo Alejandro di Giano; Laura Marisa Patricio; Isabel Rosana Soto; Aldana Miliozzi; Maria Del Rosario Berterretche Mateos; Juan Pablo Giannini; Mar\u00eda L\u00eda Iriarte; Mar\u00eda Fernanda Lorenzo Mendy; M\u00f3nica Esther Saluppo; Gustavo Alfredo Silva; Mar\u00eda del Rosario Paso; Rosario Zabala<\/em><\/li><li class=\"x_MsoNormal\">Comisi\u00f3n de Jubilaciones y Subsidios<br \/><em>Laura Susana Montani (Presidente); Susana Mar\u00eda Wallace; Mar\u00eda del Carmen Gaudino; Adri\u00e1n Favelis; Carlos Guillermo R\u00edos; Marcos Meas; Horacio Ram\u00f3n Iribarren; Marta Mabel Inorreta<\/em><\/li><li class=\"x_MsoNormal\">Comisi\u00f3n de Pr\u00e9stamos y Turismo<br \/><em>Pedro Abel Ilarregui (Presidente); Eugenia Irene Mar\u00eda Bagnoli; Roberto Lucas Casella Mateo; Mat\u00edas Wertheimer; Mar\u00eda Florencia Moussou; Daniel Cristian Franco; Juan Pedro Calou; Gustavo Carlos G\u00f6rg<\/em><\/li><\/ul><\/div>\n\t\t\t\t<\/div>\n\t\t\t\t\t\t\t<div class=\"elementor-toggle-item\">\n\t\t\t\t\t<h4 id=\"elementor-tab-title-1276\" class=\"elementor-tab-title\" data-tab=\"6\" role=\"button\" aria-controls=\"elementor-tab-content-1276\" aria-expanded=\"false\">\n\t\t\t\t\t\t\t\t\t\t\t\t<span class=\"elementor-toggle-icon elementor-toggle-icon-right\" aria-hidden=\"true\">\n\t\t\t\t\t\t\t\t\t\t\t\t\t\t\t<span class=\"elementor-toggle-icon-closed\"><i class=\"fas fa-plus\"><\/i><\/span>\n\t\t\t\t\t\t\t\t<span class=\"elementor-toggle-icon-opened\"><i class=\"elementor-toggle-icon-opened fas fa-minus\"><\/i><\/span>\n\t\t\t\t\t\t\t\t\t\t\t\t\t<\/span>\n\t\t\t\t\t\t\t\t\t\t\t\t<a class=\"elementor-toggle-title\" tabindex=\"0\">SECRETAR\u00cdA DE APORTES | Diego Daniel de San Pablo<\/a>\n\t\t\t\t\t<\/h4>\n\n\t\t\t\t\t<div id=\"elementor-tab-content-1276\" class=\"elementor-tab-content elementor-clearfix\" data-tab=\"6\" role=\"region\" aria-labelledby=\"elementor-tab-title-1276\"><ul><li class=\"x_MsoNormal\"><span lang=\"ES\">Asesor\u00eda de Aportes<\/span><\/li><li class=\"x_MsoNormal\">Coordinaci\u00f3n de Comisiones<\/li><li class=\"x_MsoNormal\">Comisi\u00f3n de Aportes<br \/><em>Marina Jos\u00e9 Catania (Presidente); Josefina Laurens; Jorge Daniel Biglieri; Santiago Mart\u00edn Taborda; Eugenia In\u00e9s Zarranz; Marcia Della Rosa; Sonia Mabel Cardozo; Fernando de Salas<\/em><\/li><li class=\"x_MsoNormal\">Comisi\u00f3n de Interpretaci\u00f3n de Arancel y Facturaciones Notariales<br \/><em><em>Pablo Morrone<\/em>\u00a0(Presidente); Ver\u00f3nica Echeverr\u00eda; Alexis Baltazar Molina; ; Cecilia Cuiti\u00f1o; Sebasti\u00e1n Mariano Dusserre; Sebasti\u00e1n de Salas<\/em><\/li><li class=\"x_MsoNormal\">Comisi\u00f3n de Deportes y Recreaci\u00f3n<br \/><em>Carla Merlini (Presidente); Juli\u00e1n Eduardo de Marco; Fiorella Cacace; Francisco Amaya; Ra\u00fal Fernando das Neves Vargues; Fausto Felipe Basanta; Juan Manuel Espil; Luciano Jos\u00e9 Loraschi<\/em><\/li><\/ul><\/div>\n\t\t\t\t<\/div>\n\t\t\t\t\t\t\t<div class=\"elementor-toggle-item\">\n\t\t\t\t\t<h4 id=\"elementor-tab-title-1277\" class=\"elementor-tab-title\" data-tab=\"7\" role=\"button\" aria-controls=\"elementor-tab-content-1277\" aria-expanded=\"false\">\n\t\t\t\t\t\t\t\t\t\t\t\t<span class=\"elementor-toggle-icon elementor-toggle-icon-right\" aria-hidden=\"true\">\n\t\t\t\t\t\t\t\t\t\t\t\t\t\t\t<span class=\"elementor-toggle-icon-closed\"><i class=\"fas fa-plus\"><\/i><\/span>\n\t\t\t\t\t\t\t\t<span class=\"elementor-toggle-icon-opened\"><i class=\"elementor-toggle-icon-opened fas fa-minus\"><\/i><\/span>\n\t\t\t\t\t\t\t\t\t\t\t\t\t<\/span>\n\t\t\t\t\t\t\t\t\t\t\t\t<a class=\"elementor-toggle-title\" tabindex=\"0\">SECRETAR\u00cdA DE RELACIONES INSTITUCIONALES | Carlos Agust\u00edn S\u00e1enz<\/a>\n\t\t\t\t\t<\/h4>\n\n\t\t\t\t\t<div id=\"elementor-tab-content-1277\" class=\"elementor-tab-content elementor-clearfix\" data-tab=\"7\" role=\"region\" aria-labelledby=\"elementor-tab-title-1277\"><ul><li class=\"x_MsoNormal\"><span lang=\"ES\">Curso de \u00c9tica<\/span><\/li><li class=\"x_MsoNormal\">Escuelas apadrinadas<\/li><li class=\"x_MsoNormal\">Federaci\u00f3n de Entidades de Profesionales Universitarios (FEPUBA)<\/li><li class=\"x_MsoNormal\">Departamento Comunicaciones<\/li><li class=\"x_MsoNormal\">Biblioteca Jur\u00eddica Central \u201cDalmacio V\u00e9lez Sarsfield\u201d<\/li><li class=\"x_MsoNormal\">Fundaci\u00f3n Editora Notarial (FEN)<\/li><li class=\"x_MsoNormal\">Revista Notarial<\/li><li class=\"x_MsoNormal\">Bolet\u00edn Informativo<\/li><li class=\"x_MsoNormal\">Sistema Org\u00e1nico de Informaci\u00f3n Notarial (SOIN)<\/li><li class=\"x_MsoNormal\">Convenio con la Fundaci\u00f3n \u00c6quitas<\/li><li class=\"x_MsoNormal\">Taller de Producci\u00f3n Gr\u00e1fica<\/li><li class=\"x_MsoNormal\">Sitio web institucional (<a href=\"http:\/\/www.colescba.org.ar\/\" target=\"_blank\" rel=\"noopener noreferrer\" data-auth=\"NotApplicable\">www.colescba.org.ar<\/a>)<\/li><li class=\"x_MsoNormal\">App institucional<\/li><li class=\"x_MsoNormal\">Redes sociales<\/li><li class=\"x_MsoNormal\">Apostillas<\/li><li class=\"x_MsoNormal\">Comisi\u00f3n de Extensi\u00f3n Cultural<br \/><em>Ana Mar\u00eda Unchalo (Presidente); Mar\u00eda Cecilia Sacoski; Otilia del Carmen Zito Font\u00e1n; Sol Togni; Ariel Mart\u00edn Moreno; Nilda Beatriz Rosa; Gerardo Agust\u00edn Clavin; Hayd\u00e9e Susana Maggiolo; Silvia Elena Ugalde<\/em><\/li><li>Comisi\u00f3n Comunicaciones<br \/><em>Federico Ledebur (Presidente); Mar\u00eda Natalia Sequeiro; Gonzalo Mat\u00edas V\u00e1squez; Valeria Scarano; Aurelio Garc\u00eda; Mariano Carleschi Gil; Mar\u00eda Soledad R\u00edos; Mariano Costanzo<\/em><\/li><li>Comisi\u00f3n de Imprenta<br \/><em>Paola Julieta Pierri (Presidente); Emiliano Piva Fern\u00e1ndez; Esteban Tisn\u00e9s; Betiana Marcela Palladino; Gloria Beatriz Voda; Delfina Etchart; Joaqu\u00edn N\u00e9stor Barreneche; Daniela Valeria Zubillaga<\/em><\/li><\/ul><\/div>\n\t\t\t\t<\/div>\n\t\t\t\t\t\t\t<div class=\"elementor-toggle-item\">\n\t\t\t\t\t<h4 id=\"elementor-tab-title-1278\" class=\"elementor-tab-title\" data-tab=\"8\" role=\"button\" aria-controls=\"elementor-tab-content-1278\" aria-expanded=\"false\">\n\t\t\t\t\t\t\t\t\t\t\t\t<span class=\"elementor-toggle-icon elementor-toggle-icon-right\" aria-hidden=\"true\">\n\t\t\t\t\t\t\t\t\t\t\t\t\t\t\t<span class=\"elementor-toggle-icon-closed\"><i class=\"fas fa-plus\"><\/i><\/span>\n\t\t\t\t\t\t\t\t<span class=\"elementor-toggle-icon-opened\"><i class=\"elementor-toggle-icon-opened fas fa-minus\"><\/i><\/span>\n\t\t\t\t\t\t\t\t\t\t\t\t\t<\/span>\n\t\t\t\t\t\t\t\t\t\t\t\t<a class=\"elementor-toggle-title\" tabindex=\"0\">SECRETAR\u00cdA DE ADMINISTRACI\u00d3N | Francisco Eitel Barreto Peltzer<\/a>\n\t\t\t\t\t<\/h4>\n\n\t\t\t\t\t<div id=\"elementor-tab-content-1278\" class=\"elementor-tab-content elementor-clearfix\" data-tab=\"8\" role=\"region\" aria-labelledby=\"elementor-tab-title-1278\"><ul><li>Departamento de Recursos Humanos<\/li><li>Comisi\u00f3n de Personal y Administraci\u00f3n<br \/><em>Mar\u00eda Florencia Per\u00edes (Presidente); Rodrigo Aguirre; Laura Bresso; Mariana Rospide; Mariana Moral; Estela Luis; Marcela Elisabet Pizarro; Leandra Alesia Finochietto<\/em><\/li><\/ul><\/div>\n\t\t\t\t<\/div>\n\t\t\t\t\t\t\t<div class=\"elementor-toggle-item\">\n\t\t\t\t\t<h4 id=\"elementor-tab-title-1279\" class=\"elementor-tab-title\" data-tab=\"9\" role=\"button\" aria-controls=\"elementor-tab-content-1279\" aria-expanded=\"false\">\n\t\t\t\t\t\t\t\t\t\t\t\t<span class=\"elementor-toggle-icon elementor-toggle-icon-right\" aria-hidden=\"true\">\n\t\t\t\t\t\t\t\t\t\t\t\t\t\t\t<span class=\"elementor-toggle-icon-closed\"><i class=\"fas fa-plus\"><\/i><\/span>\n\t\t\t\t\t\t\t\t<span class=\"elementor-toggle-icon-opened\"><i class=\"elementor-toggle-icon-opened fas fa-minus\"><\/i><\/span>\n\t\t\t\t\t\t\t\t\t\t\t\t\t<\/span>\n\t\t\t\t\t\t\t\t\t\t\t\t<a class=\"elementor-toggle-title\" tabindex=\"0\">SECRETAR\u00cdA DE INFORM\u00c1TICA | Andr\u00e9s Mart\u00ednez (h)<\/a>\n\t\t\t\t\t<\/h4>\n\n\t\t\t\t\t<div id=\"elementor-tab-content-1279\" class=\"elementor-tab-content elementor-clearfix\" data-tab=\"9\" role=\"region\" aria-labelledby=\"elementor-tab-title-1279\"><ul><li class=\"x_MsoNormal\"><span lang=\"ES\">Desarrollos inform\u00e1ticos para el Notariado y la administraci\u00f3n<\/span><\/li><li class=\"x_MsoNormal\"><span lang=\"ES\">Instituto de Documentaci\u00f3n Digital<br \/><em>Walter C\u00e9sar Schmidt, Carlos Agust\u00edn S\u00e1enz, Santiago Francisco Oscar Scattolini, Franco di Castelnuovo, Mar\u00eda Itat\u00ed Longhi, Mauro Miguel Mujica, Sebasti\u00e1n Lassalle, Emilio Cervini, N\u00e9stor Daniel Lamber, Rodolfo Vizcarra y Agust\u00edn Valenti.<\/em><br \/><\/span><\/li><\/ul><\/div>\n\t\t\t\t<\/div>\n\t\t\t\t\t\t\t<div class=\"elementor-toggle-item\">\n\t\t\t\t\t<h4 id=\"elementor-tab-title-12710\" class=\"elementor-tab-title\" data-tab=\"10\" role=\"button\" aria-controls=\"elementor-tab-content-12710\" aria-expanded=\"false\">\n\t\t\t\t\t\t\t\t\t\t\t\t<span class=\"elementor-toggle-icon elementor-toggle-icon-right\" aria-hidden=\"true\">\n\t\t\t\t\t\t\t\t\t\t\t\t\t\t\t<span class=\"elementor-toggle-icon-closed\"><i class=\"fas fa-plus\"><\/i><\/span>\n\t\t\t\t\t\t\t\t<span class=\"elementor-toggle-icon-opened\"><i class=\"elementor-toggle-icon-opened fas fa-minus\"><\/i><\/span>\n\t\t\t\t\t\t\t\t\t\t\t\t\t<\/span>\n\t\t\t\t\t\t\t\t\t\t\t\t<a class=\"elementor-toggle-title\" tabindex=\"0\">TESORER\u00cdA | Mar\u00eda Beatriz Aguirre<\/a>\n\t\t\t\t\t<\/h4>\n\n\t\t\t\t\t<div id=\"elementor-tab-content-12710\" class=\"elementor-tab-content elementor-clearfix\" data-tab=\"10\" role=\"region\" aria-labelledby=\"elementor-tab-title-12710\"><ul><li><span style=\"background-color: var( --e-global-color-secondary ); color: var( --e-global-color-b9d8027 ); font-family: var( --e-global-typography-text-font-family ), Sans-serif;\">Comisi\u00f3n de Seguros<br \/><\/span><em>Armando Luis Arcone (Presidente); Joaqu\u00edn Santino Rubinetti; Pablo Alexander Balero Reche; Mercedes Gabella; Carlos Mart\u00edn Pertierra; Mar\u00eda Bel\u00e9n Suares; Patricio Tom\u00e1s Street<\/em><\/li><li>Comisi\u00f3n de Bancos<br \/><em>Juan Antonio Vilanova (h) (Presidente); Ricardo Vaquero; Francisco Calou; Fernando Olaberr\u00eda; Emmanuel Miguel Ojeda Georgieff; Mar\u00eda Gracia Benvenuto; Amalia Suhilar; Enrique Javier Jonas<\/em><\/li><li>Comisi\u00f3n Especial Registral<br \/><em>Fernando Gabriel S\u00e1nchez (Presidente); Maisa Di Leo Recalde; Sim\u00f3n Enrique Labaqui; Fernando Esteban Lagae; Jorge Ignacio Cambet; Pablo Hugo Migueles<\/em><\/li><li>Comisi\u00f3n de Finanzas<br \/><em>Diego Gustavo Giacomelli (Presidente); Alejandro Alvarado; Federico Lallement; Pedro Salvador Cocozza; Eduardo Jos\u00e9 Bras; Federico Travascio; Nicol\u00e1s Cavagna; Patricio Rodolfo Villamayor<\/em><\/li><\/ul><\/div>\n\t\t\t\t<\/div>\n\t\t\t\t\t\t\t<div class=\"elementor-toggle-item\">\n\t\t\t\t\t<h4 id=\"elementor-tab-title-12711\" class=\"elementor-tab-title\" data-tab=\"11\" role=\"button\" aria-controls=\"elementor-tab-content-12711\" aria-expanded=\"false\">\n\t\t\t\t\t\t\t\t\t\t\t\t<span class=\"elementor-toggle-icon elementor-toggle-icon-right\" aria-hidden=\"true\">\n\t\t\t\t\t\t\t\t\t\t\t\t\t\t\t<span class=\"elementor-toggle-icon-closed\"><i class=\"fas fa-plus\"><\/i><\/span>\n\t\t\t\t\t\t\t\t<span class=\"elementor-toggle-icon-opened\"><i class=\"elementor-toggle-icon-opened fas fa-minus\"><\/i><\/span>\n\t\t\t\t\t\t\t\t\t\t\t\t\t<\/span>\n\t\t\t\t\t\t\t\t\t\t\t\t<a class=\"elementor-toggle-title\" tabindex=\"0\">PROTESORER\u00cdA | Santiago Francisco Oscar Scattolini<\/a>\n\t\t\t\t\t<\/h4>\n\n\t\t\t\t\t<div id=\"elementor-tab-content-12711\" class=\"elementor-tab-content elementor-clearfix\" data-tab=\"11\" role=\"region\" aria-labelledby=\"elementor-tab-title-12711\"><ul><li>Comisi\u00f3n de Edificios<br \/><em>Alejandro Alberto Glar\u00eda (Presidente); Franco de Zorzi; Rub\u00e9n Santiago Stradiot; Mar\u00eda In\u00e9s Ursino; Camila Santos; Mauro Lionel Antinori; Hern\u00e1n Itoiz; Ana Laura Basti\u00e1n<\/em><\/li><li>Comisi\u00f3n de Hacienda<br \/><em>Juan Ignacio Cavagna (Presidente) (Mercedes); Maricel Hermida (Azul); Esteban Horacio Colabella (Pergamino); Luca Emanuel Paladino Toledo (Lomas de Zamora); Christian Mauricio Flavio Troglio (Mar del Plata); Teresa Mar\u00eda De Los Milagros Gasparin (San Nicol\u00e1s); Eduardo Mario De Jes\u00fas Rivarola (Nueve de Julio); Luis Eugenio Manassero Vilar (San Isidro); Ernesto Carlos Antollini (Bah\u00eda Blanca); Claudio Martin Rieu (Bah\u00eda Blanca); Ignacio D. Fioramonti (Jun\u00edn); Lucas Pablo Esp\u00f3sito (La Plata); Gast\u00f3n Javier Bavera (Dolores); Mar\u00eda Silvina Gonz\u00e1lez Taboada (Mor\u00f3n); Norberto Gustavo Soler (San Mart\u00edn); Mar\u00eda Eugenia Monarca (Tandil); Eduardo Atilio Brizuela (Trenque Lauquen); Fernando Ria\u00f1o Laboranti (Necochea)<\/em><\/li><\/ul><\/div>\n\t\t\t\t<\/div>\n\t\t\t\t\t\t\t\t<\/div>\n\t\t\t\t<\/div>\n\t\t\t\t<\/div>\n\t\t\t\t\t<\/div>\n\t\t<\/div>\n\t\t\t\t\t<\/div>\n\t\t<\/section>\n\t\t\t\t<\/div>\n\t\t","protected":false},"excerpt":{"rendered":"<p>Comisiones asesoras (2024-2026) PRESIDENCIA | Guillermo An\u00edbal Longhi Coordinaci\u00f3n de gesti\u00f3n\u00a0 Coordinaci\u00f3n con delegaciones Uni\u00f3n Internacional del Notariado (UINL) Consejo Federal del Notariado Argentino (CFNA) Relaciones pol\u00edticas VICEPRESIDENCIA 1\u00aa | Maximiliano Molina Archivo de Actuaciones Notariales Centro Institucional de Mediaci\u00f3n Departamento de Registros Especiales Departamento de Inspecci\u00f3n General Comisi\u00f3n de ConcursosMar\u00eda Cecilia L\u00f3pez (Presidente); Gast\u00f3n [&hellip;]<\/p>\n","protected":false},"author":1,"featured_media":11814,"parent":1072,"menu_order":0,"comment_status":"closed","ping_status":"closed","template":"","meta":{"footnotes":""},"class_list":["post-1118","page","type-page","status-publish","has-post-thumbnail","hentry"],"acf":[],"_links":{"self":[{"href":"https:\/\/www.colescba.org.ar\/portal\/wp-json\/wp\/v2\/pages\/1118","targetHints":{"allow":["GET"]}}],"collection":[{"href":"https:\/\/www.colescba.org.ar\/portal\/wp-json\/wp\/v2\/pages"}],"about":[{"href":"https:\/\/www.colescba.org.ar\/portal\/wp-json\/wp\/v2\/types\/page"}],"author":[{"embeddable":true,"href":"https:\/\/www.colescba.org.ar\/portal\/wp-json\/wp\/v2\/users\/1"}],"replies":[{"embeddable":true,"href":"https:\/\/www.colescba.org.ar\/portal\/wp-json\/wp\/v2\/comments?post=1118"}],"version-history":[{"count":271,"href":"https:\/\/www.colescba.org.ar\/portal\/wp-json\/wp\/v2\/pages\/1118\/revisions"}],"predecessor-version":[{"id":62316,"href":"https:\/\/www.colescba.org.ar\/portal\/wp-json\/wp\/v2\/pages\/1118\/revisions\/62316"}],"up":[{"embeddable":true,"href":"https:\/\/www.colescba.org.ar\/portal\/wp-json\/wp\/v2\/pages\/1072"}],"wp:featuredmedia":[{"embeddable":true,"href":"https:\/\/www.colescba.org.ar\/portal\/wp-json\/wp\/v2\/media\/11814"}],"wp:attachment":[{"href":"https:\/\/www.colescba.org.ar\/portal\/wp-json\/wp\/v2\/media?parent=1118"}],"curies":[{"name":"wp","href":"https:\/\/api.w.org\/{rel}","templated":true}]}}