{"id":48759,"date":"2024-11-28T13:55:00","date_gmt":"2024-11-28T16:55:00","guid":{"rendered":"https:\/\/www.colescba.org.ar\/portal\/?page_id=48759"},"modified":"2024-11-28T13:58:50","modified_gmt":"2024-11-28T16:58:50","slug":"novedades","status":"publish","type":"page","link":"https:\/\/www.colescba.org.ar\/portal\/novedades","title":{"rendered":"Novedades"},"content":{"rendered":"\t\t<div data-elementor-type=\"wp-page\" data-elementor-id=\"48759\" class=\"elementor elementor-48759\" data-elementor-post-type=\"page\">\n\t\t\t\t\t\t<section class=\"elementor-section elementor-top-section elementor-element elementor-element-3486a6f elementor-section-full_width elementor-section-height-default elementor-section-height-default\" data-id=\"3486a6f\" data-element_type=\"section\">\n\t\t\t\t\t\t<div class=\"elementor-container elementor-column-gap-default\">\n\t\t\t\t\t<div class=\"elementor-column elementor-col-50 elementor-top-column elementor-element elementor-element-6b67159\" data-id=\"6b67159\" data-element_type=\"column\">\n\t\t\t<div class=\"elementor-widget-wrap elementor-element-populated\">\n\t\t\t\t\t\t<div class=\"elementor-element elementor-element-b7f9f33 elementor-widget elementor-widget-heading\" data-id=\"b7f9f33\" data-element_type=\"widget\" data-widget_type=\"heading.default\">\n\t\t\t\t<div class=\"elementor-widget-container\">\n\t\t\t<h1 class=\"elementor-heading-title elementor-size-default\">Novedades<\/h1>\t\t<\/div>\n\t\t\t\t<\/div>\n\t\t\t\t<section class=\"elementor-section elementor-inner-section elementor-element elementor-element-01091a3 elementor-section-boxed elementor-section-height-default elementor-section-height-default\" data-id=\"01091a3\" data-element_type=\"section\">\n\t\t\t\t\t\t<div class=\"elementor-container elementor-column-gap-default\">\n\t\t\t\t\t<div class=\"elementor-column elementor-col-50 elementor-inner-column elementor-element elementor-element-aec6c1f\" data-id=\"aec6c1f\" data-element_type=\"column\">\n\t\t\t<div class=\"elementor-widget-wrap\">\n\t\t\t\t\t\t\t<\/div>\n\t\t<\/div>\n\t\t\t\t<div class=\"elementor-column elementor-col-50 elementor-inner-column elementor-element elementor-element-4b915ce\" data-id=\"4b915ce\" data-element_type=\"column\">\n\t\t\t<div class=\"elementor-widget-wrap elementor-element-populated\">\n\t\t\t\t\t\t<div class=\"elementor-element elementor-element-a06b852 flecha-novedades e-transform e-transform elementor-hidden-desktop elementor-hidden-tablet elementor-hidden-mobile elementor-view-default elementor-widget elementor-widget-icon\" data-id=\"a06b852\" data-element_type=\"widget\" data-settings=\"{&quot;_transform_translateX_effect&quot;:{&quot;unit&quot;:&quot;px&quot;,&quot;size&quot;:-10,&quot;sizes&quot;:[]},&quot;_transform_translateX_effect_mobile&quot;:{&quot;unit&quot;:&quot;px&quot;,&quot;size&quot;:280,&quot;sizes&quot;:[]},&quot;_transform_translateY_effect&quot;:{&quot;unit&quot;:&quot;px&quot;,&quot;size&quot;:-60,&quot;sizes&quot;:[]},&quot;_transform_translateY_effect_mobile&quot;:{&quot;unit&quot;:&quot;px&quot;,&quot;size&quot;:-80,&quot;sizes&quot;:[]},&quot;_transform_scale_effect&quot;:{&quot;unit&quot;:&quot;px&quot;,&quot;size&quot;:0.7,&quot;sizes&quot;:[]},&quot;_transform_translateX_effect_tablet&quot;:{&quot;unit&quot;:&quot;px&quot;,&quot;size&quot;:&quot;&quot;,&quot;sizes&quot;:[]},&quot;_transform_translateY_effect_tablet&quot;:{&quot;unit&quot;:&quot;px&quot;,&quot;size&quot;:&quot;&quot;,&quot;sizes&quot;:[]},&quot;_transform_scale_effect_tablet&quot;:{&quot;unit&quot;:&quot;px&quot;,&quot;size&quot;:&quot;&quot;,&quot;sizes&quot;:[]},&quot;_transform_scale_effect_mobile&quot;:{&quot;unit&quot;:&quot;px&quot;,&quot;size&quot;:&quot;&quot;,&quot;sizes&quot;:[]}}\" data-widget_type=\"icon.default\">\n\t\t\t\t<div class=\"elementor-widget-container\">\n\t\t\t\t\t<div class=\"elementor-icon-wrapper\">\n\t\t\t<div class=\"elementor-icon\">\n\t\t\t<svg xmlns=\"http:\/\/www.w3.org\/2000\/svg\" width=\"20\" height=\"12\" viewBox=\"0 0 20 12\"><path d=\"M14.373 0L13.4273 0.948921L17.4397 4.9748H0V6.31684H17.4396L13.4273 10.3426L14.373 11.2915L20 5.64576L14.373 0Z\"><\/path><\/svg>\t\t\t<\/div>\n\t\t<\/div>\n\t\t\t\t<\/div>\n\t\t\t\t<\/div>\n\t\t\t\t\t<\/div>\n\t\t<\/div>\n\t\t\t\t\t<\/div>\n\t\t<\/section>\n\t\t\t\t\t<\/div>\n\t\t<\/div>\n\t\t\t\t<div class=\"elementor-column elementor-col-50 elementor-top-column elementor-element elementor-element-e482ed0 elementor-hidden-mobile\" data-id=\"e482ed0\" data-element_type=\"column\" data-settings=\"{&quot;background_background&quot;:&quot;classic&quot;}\">\n\t\t\t<div class=\"elementor-widget-wrap elementor-element-populated\">\n\t\t\t\t\t<div class=\"elementor-background-overlay\"><\/div>\n\t\t\t\t\t\t<div class=\"elementor-element elementor-element-b41f6b4 e-transform e-transform elementor-widget elementor-widget-image\" data-id=\"b41f6b4\" data-element_type=\"widget\" data-settings=\"{&quot;_transform_translateX_effect&quot;:{&quot;unit&quot;:&quot;px&quot;,&quot;size&quot;:-20,&quot;sizes&quot;:[]},&quot;_transform_translateY_effect&quot;:{&quot;unit&quot;:&quot;px&quot;,&quot;size&quot;:-122,&quot;sizes&quot;:[]},&quot;_transform_translateY_effect_tablet&quot;:{&quot;unit&quot;:&quot;px&quot;,&quot;size&quot;:7,&quot;sizes&quot;:[]},&quot;_transform_scale_effect&quot;:{&quot;unit&quot;:&quot;px&quot;,&quot;size&quot;:1.2,&quot;sizes&quot;:[]},&quot;_transform_translateX_effect_tablet&quot;:{&quot;unit&quot;:&quot;px&quot;,&quot;size&quot;:&quot;&quot;,&quot;sizes&quot;:[]},&quot;_transform_translateX_effect_mobile&quot;:{&quot;unit&quot;:&quot;px&quot;,&quot;size&quot;:&quot;&quot;,&quot;sizes&quot;:[]},&quot;_transform_translateY_effect_mobile&quot;:{&quot;unit&quot;:&quot;px&quot;,&quot;size&quot;:&quot;&quot;,&quot;sizes&quot;:[]},&quot;_transform_scale_effect_tablet&quot;:{&quot;unit&quot;:&quot;px&quot;,&quot;size&quot;:&quot;&quot;,&quot;sizes&quot;:[]},&quot;_transform_scale_effect_mobile&quot;:{&quot;unit&quot;:&quot;px&quot;,&quot;size&quot;:&quot;&quot;,&quot;sizes&quot;:[]}}\" data-widget_type=\"image.default\">\n\t\t\t\t<div class=\"elementor-widget-container\">\n\t\t\t\t\t\t\t\t\t\t\t\t\t<img fetchpriority=\"high\" decoding=\"async\" width=\"740\" height=\"390\" src=\"https:\/\/www.colescba.org.ar\/portal\/wp-content\/uploads\/2022\/01\/blog-novedades.jpg\" class=\"attachment-large size-large wp-image-47178\" alt=\"\" srcset=\"https:\/\/www.colescba.org.ar\/portal\/wp-content\/uploads\/2022\/01\/blog-novedades.jpg 740w, https:\/\/www.colescba.org.ar\/portal\/wp-content\/uploads\/2022\/01\/blog-novedades-300x158.jpg 300w, https:\/\/www.colescba.org.ar\/portal\/wp-content\/uploads\/2022\/01\/blog-novedades-50x26.jpg 50w\" sizes=\"(max-width: 740px) 100vw, 740px\" \/>\t\t\t\t\t\t\t\t\t\t\t\t\t<\/div>\n\t\t\t\t<\/div>\n\t\t\t\t\t<\/div>\n\t\t<\/div>\n\t\t\t\t\t<\/div>\n\t\t<\/section>\n\t\t\t\t<section class=\"elementor-section elementor-top-section elementor-element elementor-element-45eaee8 elementor-section-boxed elementor-section-height-default elementor-section-height-default\" data-id=\"45eaee8\" data-element_type=\"section\">\n\t\t\t\t\t\t<div class=\"elementor-container elementor-column-gap-default\">\n\t\t\t\t\t<div class=\"elementor-column elementor-col-100 elementor-top-column elementor-element elementor-element-41782ca\" data-id=\"41782ca\" data-element_type=\"column\">\n\t\t\t<div class=\"elementor-widget-wrap elementor-element-populated\">\n\t\t\t\t\t\t<div class=\"elementor-element elementor-element-38a6a00 elementor-grid-3 elementor-grid-tablet-2 elementor-grid-mobile-1 elementor-posts--thumbnail-top elementor-card-shadow-yes elementor-posts__hover-gradient elementor-widget elementor-widget-posts\" data-id=\"38a6a00\" data-element_type=\"widget\" data-settings=\"{&quot;pagination_type&quot;:&quot;numbers_and_prev_next&quot;,&quot;cards_columns&quot;:&quot;3&quot;,&quot;cards_columns_tablet&quot;:&quot;2&quot;,&quot;cards_columns_mobile&quot;:&quot;1&quot;,&quot;cards_row_gap&quot;:{&quot;unit&quot;:&quot;px&quot;,&quot;size&quot;:35,&quot;sizes&quot;:[]},&quot;cards_row_gap_tablet&quot;:{&quot;unit&quot;:&quot;px&quot;,&quot;size&quot;:&quot;&quot;,&quot;sizes&quot;:[]},&quot;cards_row_gap_mobile&quot;:{&quot;unit&quot;:&quot;px&quot;,&quot;size&quot;:&quot;&quot;,&quot;sizes&quot;:[]}}\" data-widget_type=\"posts.cards\">\n\t\t\t\t<div class=\"elementor-widget-container\">\n\t\t\t\t\t<div class=\"elementor-posts-container elementor-posts elementor-posts--skin-cards elementor-grid\">\n\t\t\t\t<article class=\"elementor-post elementor-grid-item post-66247 post type-post status-publish format-standard has-post-thumbnail hentry category-novedades\">\n\t\t\t<div class=\"elementor-post__card\">\n\t\t\t\t<a class=\"elementor-post__thumbnail__link\" href=\"https:\/\/www.colescba.org.ar\/portal\/novedades\/firma-de-convenio-con-la-unlp-04-09-2026\" tabindex=\"-1\" ><div class=\"elementor-post__thumbnail\"><img decoding=\"async\" width=\"768\" height=\"512\" src=\"https:\/\/www.colescba.org.ar\/portal\/wp-content\/uploads\/2026\/09\/MG_4082-768x512.jpg\" class=\"attachment-medium_large size-medium_large wp-image-66249\" alt=\"\" srcset=\"https:\/\/www.colescba.org.ar\/portal\/wp-content\/uploads\/2026\/09\/MG_4082-768x512.jpg 768w, https:\/\/www.colescba.org.ar\/portal\/wp-content\/uploads\/2026\/09\/MG_4082-300x200.jpg 300w, https:\/\/www.colescba.org.ar\/portal\/wp-content\/uploads\/2026\/09\/MG_4082-1024x683.jpg 1024w, https:\/\/www.colescba.org.ar\/portal\/wp-content\/uploads\/2026\/09\/MG_4082-50x33.jpg 50w, https:\/\/www.colescba.org.ar\/portal\/wp-content\/uploads\/2026\/09\/MG_4082-1600x1067.jpg 1600w, https:\/\/www.colescba.org.ar\/portal\/wp-content\/uploads\/2026\/09\/MG_4082-1536x1024.jpg 1536w, https:\/\/www.colescba.org.ar\/portal\/wp-content\/uploads\/2026\/09\/MG_4082-2048x1365.jpg 2048w\" sizes=\"(max-width: 768px) 100vw, 768px\" \/><\/div><\/a>\n\t\t\t\t<div class=\"elementor-post__badge\">Novedades<\/div>\n\t\t\t\t<div class=\"elementor-post__text\">\n\t\t\t\t<h3 class=\"elementor-post__title\">\n\t\t\t<a href=\"https:\/\/www.colescba.org.ar\/portal\/novedades\/firma-de-convenio-con-la-unlp-04-09-2026\" >\n\t\t\t\tFirma de convenio con la UNLP\t\t\t<\/a>\n\t\t<\/h3>\n\t\t\t\t<div class=\"elementor-post__excerpt\">\n\t\t\t<p>El viernes 4 de septiembre, en el Taller de Producci\u00f3n Gr\u00e1fica, se concret\u00f3 la firma de un importante convenio de cooperaci\u00f3n entre el Colegio de<\/p>\n\t\t<\/div>\n\t\t\n\t\t<a class=\"elementor-post__read-more\" href=\"https:\/\/www.colescba.org.ar\/portal\/novedades\/firma-de-convenio-con-la-unlp-04-09-2026\" aria-label=\"M\u00e1s informaci\u00f3n sobre Firma de convenio con la UNLP\" tabindex=\"-1\" >\n\t\t\tVer m\u00e1s +\t\t<\/a>\n\n\t\t\t\t<\/div>\n\t\t\t\t<div class=\"elementor-post__meta-data\">\n\t\t\t\t\t<span class=\"elementor-post-date\">\n\t\t\t4 de septiembre de 2026\t\t<\/span>\n\t\t\t\t<\/div>\n\t\t\t\t\t<\/div>\n\t\t<\/article>\n\t\t\t\t<article class=\"elementor-post elementor-grid-item post-66219 post type-post status-publish format-standard has-post-thumbnail hentry category-novedades\">\n\t\t\t<div class=\"elementor-post__card\">\n\t\t\t\t<a class=\"elementor-post__thumbnail__link\" href=\"https:\/\/www.colescba.org.ar\/portal\/novedades\/asesoria-tributaria-capacitacion-anual-uif-sobre-la-resolucion-242-2023-03-09-2026\" tabindex=\"-1\" ><div class=\"elementor-post__thumbnail\"><img decoding=\"async\" width=\"768\" height=\"542\" src=\"https:\/\/www.colescba.org.ar\/portal\/wp-content\/uploads\/2026\/09\/flyer-UIF-2026-768x542.jpg\" class=\"attachment-medium_large size-medium_large wp-image-66224\" alt=\"\" srcset=\"https:\/\/www.colescba.org.ar\/portal\/wp-content\/uploads\/2026\/09\/flyer-UIF-2026-768x542.jpg 768w, https:\/\/www.colescba.org.ar\/portal\/wp-content\/uploads\/2026\/09\/flyer-UIF-2026-300x212.jpg 300w, https:\/\/www.colescba.org.ar\/portal\/wp-content\/uploads\/2026\/09\/flyer-UIF-2026-1024x722.jpg 1024w, https:\/\/www.colescba.org.ar\/portal\/wp-content\/uploads\/2026\/09\/flyer-UIF-2026-50x35.jpg 50w, https:\/\/www.colescba.org.ar\/portal\/wp-content\/uploads\/2026\/09\/flyer-UIF-2026-1600x1128.jpg 1600w, https:\/\/www.colescba.org.ar\/portal\/wp-content\/uploads\/2026\/09\/flyer-UIF-2026-1536x1083.jpg 1536w, https:\/\/www.colescba.org.ar\/portal\/wp-content\/uploads\/2026\/09\/flyer-UIF-2026.jpg 2035w\" sizes=\"(max-width: 768px) 100vw, 768px\" \/><\/div><\/a>\n\t\t\t\t<div class=\"elementor-post__badge\">Novedades<\/div>\n\t\t\t\t<div class=\"elementor-post__text\">\n\t\t\t\t<h3 class=\"elementor-post__title\">\n\t\t\t<a href=\"https:\/\/www.colescba.org.ar\/portal\/novedades\/asesoria-tributaria-capacitacion-anual-uif-sobre-la-resolucion-242-2023-03-09-2026\" >\n\t\t\t\tAsesor\u00eda Tributaria. Capacitaci\u00f3n Anual UIF sobre la Resoluci\u00f3n 242\/2023\t\t\t<\/a>\n\t\t<\/h3>\n\t\t\t\t<div class=\"elementor-post__excerpt\">\n\t\t\t<p>La Asesor\u00eda Tributaria dictar\u00e1, a lo largo de las 17 delegaciones del Colegio, una capacitaci\u00f3n destinada a notarios, en el marco de la Resoluci\u00f3n UIF<\/p>\n\t\t<\/div>\n\t\t\n\t\t<a class=\"elementor-post__read-more\" href=\"https:\/\/www.colescba.org.ar\/portal\/novedades\/asesoria-tributaria-capacitacion-anual-uif-sobre-la-resolucion-242-2023-03-09-2026\" aria-label=\"M\u00e1s informaci\u00f3n sobre Asesor\u00eda Tributaria. Capacitaci\u00f3n Anual UIF sobre la Resoluci\u00f3n 242\/2023\" tabindex=\"-1\" >\n\t\t\tVer m\u00e1s +\t\t<\/a>\n\n\t\t\t\t<\/div>\n\t\t\t\t<div class=\"elementor-post__meta-data\">\n\t\t\t\t\t<span class=\"elementor-post-date\">\n\t\t\t3 de septiembre de 2026\t\t<\/span>\n\t\t\t\t<\/div>\n\t\t\t\t\t<\/div>\n\t\t<\/article>\n\t\t\t\t<article class=\"elementor-post elementor-grid-item post-66204 post type-post status-publish format-standard has-post-thumbnail hentry category-novedades\">\n\t\t\t<div class=\"elementor-post__card\">\n\t\t\t\t<a class=\"elementor-post__thumbnail__link\" href=\"https:\/\/www.colescba.org.ar\/portal\/novedades\/se-incorporaron-6-profesionales-a-la-familia-notarial-03-09-2026\" tabindex=\"-1\" ><div class=\"elementor-post__thumbnail\"><img loading=\"lazy\" decoding=\"async\" width=\"768\" height=\"464\" src=\"https:\/\/www.colescba.org.ar\/portal\/wp-content\/uploads\/2026\/09\/foto-juramento-3-9-noticia-768x464.jpg\" class=\"attachment-medium_large size-medium_large wp-image-66216\" alt=\"\" srcset=\"https:\/\/www.colescba.org.ar\/portal\/wp-content\/uploads\/2026\/09\/foto-juramento-3-9-noticia-768x464.jpg 768w, https:\/\/www.colescba.org.ar\/portal\/wp-content\/uploads\/2026\/09\/foto-juramento-3-9-noticia-300x181.jpg 300w, https:\/\/www.colescba.org.ar\/portal\/wp-content\/uploads\/2026\/09\/foto-juramento-3-9-noticia-1024x619.jpg 1024w, https:\/\/www.colescba.org.ar\/portal\/wp-content\/uploads\/2026\/09\/foto-juramento-3-9-noticia-50x30.jpg 50w, https:\/\/www.colescba.org.ar\/portal\/wp-content\/uploads\/2026\/09\/foto-juramento-3-9-noticia-1600x967.jpg 1600w, https:\/\/www.colescba.org.ar\/portal\/wp-content\/uploads\/2026\/09\/foto-juramento-3-9-noticia-1536x928.jpg 1536w, https:\/\/www.colescba.org.ar\/portal\/wp-content\/uploads\/2026\/09\/foto-juramento-3-9-noticia.jpg 1920w\" sizes=\"(max-width: 768px) 100vw, 768px\" \/><\/div><\/a>\n\t\t\t\t<div class=\"elementor-post__badge\">Novedades<\/div>\n\t\t\t\t<div class=\"elementor-post__text\">\n\t\t\t\t<h3 class=\"elementor-post__title\">\n\t\t\t<a href=\"https:\/\/www.colescba.org.ar\/portal\/novedades\/se-incorporaron-6-profesionales-a-la-familia-notarial-03-09-2026\" >\n\t\t\t\tSe incorporaron seis profesionales a la familia notarial\t\t\t<\/a>\n\t\t<\/h3>\n\t\t\t\t<div class=\"elementor-post__excerpt\">\n\t\t\t<p>El jueves 3 de septiembre se llev\u00f3 a cabo, en la sede del Colegio, el acto de juramento de seis nuevos profesionales que se incorporan<\/p>\n\t\t<\/div>\n\t\t\n\t\t<a class=\"elementor-post__read-more\" href=\"https:\/\/www.colescba.org.ar\/portal\/novedades\/se-incorporaron-6-profesionales-a-la-familia-notarial-03-09-2026\" aria-label=\"M\u00e1s informaci\u00f3n sobre Se incorporaron seis profesionales a la familia notarial\" tabindex=\"-1\" >\n\t\t\tVer m\u00e1s +\t\t<\/a>\n\n\t\t\t\t<\/div>\n\t\t\t\t<div class=\"elementor-post__meta-data\">\n\t\t\t\t\t<span class=\"elementor-post-date\">\n\t\t\t3 de septiembre de 2026\t\t<\/span>\n\t\t\t\t<\/div>\n\t\t\t\t\t<\/div>\n\t\t<\/article>\n\t\t\t\t<article class=\"elementor-post elementor-grid-item post-66171 post type-post status-publish format-standard has-post-thumbnail hentry category-novedades\">\n\t\t\t<div class=\"elementor-post__card\">\n\t\t\t\t<a class=\"elementor-post__thumbnail__link\" href=\"https:\/\/www.colescba.org.ar\/portal\/novedades\/participacion-institucional-en-la-iv-jornada-notarial-mendocina-03-09-2026\" tabindex=\"-1\" ><div class=\"elementor-post__thumbnail\"><img loading=\"lazy\" decoding=\"async\" width=\"768\" height=\"488\" src=\"https:\/\/www.colescba.org.ar\/portal\/wp-content\/uploads\/2026\/09\/iv-jornada-notarial-mendocina-768x488.jpg\" class=\"attachment-medium_large size-medium_large wp-image-66202\" alt=\"\" srcset=\"https:\/\/www.colescba.org.ar\/portal\/wp-content\/uploads\/2026\/09\/iv-jornada-notarial-mendocina-768x488.jpg 768w, https:\/\/www.colescba.org.ar\/portal\/wp-content\/uploads\/2026\/09\/iv-jornada-notarial-mendocina-300x190.jpg 300w, https:\/\/www.colescba.org.ar\/portal\/wp-content\/uploads\/2026\/09\/iv-jornada-notarial-mendocina-1024x650.jpg 1024w, https:\/\/www.colescba.org.ar\/portal\/wp-content\/uploads\/2026\/09\/iv-jornada-notarial-mendocina-50x32.jpg 50w, https:\/\/www.colescba.org.ar\/portal\/wp-content\/uploads\/2026\/09\/iv-jornada-notarial-mendocina.jpg 1260w\" sizes=\"(max-width: 768px) 100vw, 768px\" \/><\/div><\/a>\n\t\t\t\t<div class=\"elementor-post__badge\">Novedades<\/div>\n\t\t\t\t<div class=\"elementor-post__text\">\n\t\t\t\t<h3 class=\"elementor-post__title\">\n\t\t\t<a href=\"https:\/\/www.colescba.org.ar\/portal\/novedades\/participacion-institucional-en-la-iv-jornada-notarial-mendocina-03-09-2026\" >\n\t\t\t\tParticipaci\u00f3n institucional en la IV Jornada Notarial Mendocina\t\t\t<\/a>\n\t\t<\/h3>\n\t\t\t\t<div class=\"elementor-post__excerpt\">\n\t\t\t<p>El jueves 3 de septiembre comenz\u00f3 la IV Jornada Notarial Mendocina, que cuenta con la participaci\u00f3n de notarios bonaerenses y culminar\u00e1 el viernes 4 con<\/p>\n\t\t<\/div>\n\t\t\n\t\t<a class=\"elementor-post__read-more\" href=\"https:\/\/www.colescba.org.ar\/portal\/novedades\/participacion-institucional-en-la-iv-jornada-notarial-mendocina-03-09-2026\" aria-label=\"M\u00e1s informaci\u00f3n sobre Participaci\u00f3n institucional en la IV Jornada Notarial Mendocina\" tabindex=\"-1\" >\n\t\t\tVer m\u00e1s +\t\t<\/a>\n\n\t\t\t\t<\/div>\n\t\t\t\t<div class=\"elementor-post__meta-data\">\n\t\t\t\t\t<span class=\"elementor-post-date\">\n\t\t\t3 de septiembre de 2026\t\t<\/span>\n\t\t\t\t<\/div>\n\t\t\t\t\t<\/div>\n\t\t<\/article>\n\t\t\t\t<article class=\"elementor-post elementor-grid-item post-66182 post type-post status-publish format-standard has-post-thumbnail hentry category-novedades\">\n\t\t\t<div class=\"elementor-post__card\">\n\t\t\t\t<a class=\"elementor-post__thumbnail__link\" href=\"https:\/\/www.colescba.org.ar\/portal\/novedades\/nueva-reunion-del-ateneo-sobre-personas-juridicas-en-el-consejo-profesional-de-ciencias-economicas-02-09-2026\" tabindex=\"-1\" ><div class=\"elementor-post__thumbnail\"><img loading=\"lazy\" decoding=\"async\" width=\"768\" height=\"512\" src=\"https:\/\/www.colescba.org.ar\/portal\/wp-content\/uploads\/2026\/09\/WhatsApp-Image-2026-09-02-at-12.24.17-768x512.jpeg\" class=\"attachment-medium_large size-medium_large wp-image-66188\" alt=\"\" srcset=\"https:\/\/www.colescba.org.ar\/portal\/wp-content\/uploads\/2026\/09\/WhatsApp-Image-2026-09-02-at-12.24.17-768x512.jpeg 768w, https:\/\/www.colescba.org.ar\/portal\/wp-content\/uploads\/2026\/09\/WhatsApp-Image-2026-09-02-at-12.24.17-300x200.jpeg 300w, https:\/\/www.colescba.org.ar\/portal\/wp-content\/uploads\/2026\/09\/WhatsApp-Image-2026-09-02-at-12.24.17-1024x683.jpeg 1024w, https:\/\/www.colescba.org.ar\/portal\/wp-content\/uploads\/2026\/09\/WhatsApp-Image-2026-09-02-at-12.24.17-50x33.jpeg 50w, https:\/\/www.colescba.org.ar\/portal\/wp-content\/uploads\/2026\/09\/WhatsApp-Image-2026-09-02-at-12.24.17-1536x1024.jpeg 1536w, https:\/\/www.colescba.org.ar\/portal\/wp-content\/uploads\/2026\/09\/WhatsApp-Image-2026-09-02-at-12.24.17.jpeg 1599w\" sizes=\"(max-width: 768px) 100vw, 768px\" \/><\/div><\/a>\n\t\t\t\t<div class=\"elementor-post__badge\">Novedades<\/div>\n\t\t\t\t<div class=\"elementor-post__text\">\n\t\t\t\t<h3 class=\"elementor-post__title\">\n\t\t\t<a href=\"https:\/\/www.colescba.org.ar\/portal\/novedades\/nueva-reunion-del-ateneo-sobre-personas-juridicas-en-el-consejo-profesional-de-ciencias-economicas-02-09-2026\" >\n\t\t\t\tNueva reuni\u00f3n del Ateneo sobre Personas Jur\u00eddicas en el Consejo Profesional de Ciencias Econ\u00f3micas\t\t\t<\/a>\n\t\t<\/h3>\n\t\t\t\t<div class=\"elementor-post__excerpt\">\n\t\t\t<p>El 2 de septiembre se llev\u00f3 a cabo, en la sede del Consejo Profesional de Ciencias Econ\u00f3micas de la Provincia de Buenos Aires, una nueva<\/p>\n\t\t<\/div>\n\t\t\n\t\t<a class=\"elementor-post__read-more\" href=\"https:\/\/www.colescba.org.ar\/portal\/novedades\/nueva-reunion-del-ateneo-sobre-personas-juridicas-en-el-consejo-profesional-de-ciencias-economicas-02-09-2026\" aria-label=\"M\u00e1s informaci\u00f3n sobre Nueva reuni\u00f3n del Ateneo sobre Personas Jur\u00eddicas en el Consejo Profesional de Ciencias Econ\u00f3micas\" tabindex=\"-1\" >\n\t\t\tVer m\u00e1s +\t\t<\/a>\n\n\t\t\t\t<\/div>\n\t\t\t\t<div class=\"elementor-post__meta-data\">\n\t\t\t\t\t<span class=\"elementor-post-date\">\n\t\t\t2 de septiembre de 2026\t\t<\/span>\n\t\t\t\t<\/div>\n\t\t\t\t\t<\/div>\n\t\t<\/article>\n\t\t\t\t<article class=\"elementor-post elementor-grid-item post-66155 post type-post status-publish format-standard has-post-thumbnail hentry category-novedades\">\n\t\t\t<div class=\"elementor-post__card\">\n\t\t\t\t<a class=\"elementor-post__thumbnail__link\" href=\"https:\/\/www.colescba.org.ar\/portal\/novedades\/conversatorios-de-resolucion-de-conflictos-del-cfna-01-09-2026\" tabindex=\"-1\" ><div class=\"elementor-post__thumbnail\"><img loading=\"lazy\" decoding=\"async\" width=\"768\" height=\"628\" src=\"https:\/\/www.colescba.org.ar\/portal\/wp-content\/uploads\/2023\/12\/consejo-federal--768x628.jpg\" class=\"attachment-medium_large size-medium_large wp-image-36144\" alt=\"\" srcset=\"https:\/\/www.colescba.org.ar\/portal\/wp-content\/uploads\/2023\/12\/consejo-federal--768x628.jpg 768w, https:\/\/www.colescba.org.ar\/portal\/wp-content\/uploads\/2023\/12\/consejo-federal--768x628-300x245.jpg 300w, https:\/\/www.colescba.org.ar\/portal\/wp-content\/uploads\/2023\/12\/consejo-federal--768x628-50x41.jpg 50w\" sizes=\"(max-width: 768px) 100vw, 768px\" \/><\/div><\/a>\n\t\t\t\t<div class=\"elementor-post__badge\">Novedades<\/div>\n\t\t\t\t<div class=\"elementor-post__text\">\n\t\t\t\t<h3 class=\"elementor-post__title\">\n\t\t\t<a href=\"https:\/\/www.colescba.org.ar\/portal\/novedades\/conversatorios-de-resolucion-de-conflictos-del-cfna-01-09-2026\" >\n\t\t\t\tConversatorios de Resoluci\u00f3n de Conflictos del CFNA\t\t\t<\/a>\n\t\t<\/h3>\n\t\t\t\t<div class=\"elementor-post__excerpt\">\n\t\t\t<p>El Consejo Federal del Notariado Argentino inform\u00f3 que a partir del 5 de octubre se realizar\u00e1n los conversatorios de resoluci\u00f3n de conflictos gratuitos organizados por<\/p>\n\t\t<\/div>\n\t\t\n\t\t<a class=\"elementor-post__read-more\" href=\"https:\/\/www.colescba.org.ar\/portal\/novedades\/conversatorios-de-resolucion-de-conflictos-del-cfna-01-09-2026\" aria-label=\"M\u00e1s informaci\u00f3n sobre Conversatorios de Resoluci\u00f3n de Conflictos del CFNA\" tabindex=\"-1\" >\n\t\t\tVer m\u00e1s +\t\t<\/a>\n\n\t\t\t\t<\/div>\n\t\t\t\t<div class=\"elementor-post__meta-data\">\n\t\t\t\t\t<span class=\"elementor-post-date\">\n\t\t\t1 de septiembre de 2026\t\t<\/span>\n\t\t\t\t<\/div>\n\t\t\t\t\t<\/div>\n\t\t<\/article>\n\t\t\t\t<article class=\"elementor-post elementor-grid-item post-66121 post type-post status-publish format-standard has-post-thumbnail hentry category-novedades\">\n\t\t\t<div class=\"elementor-post__card\">\n\t\t\t\t<a class=\"elementor-post__thumbnail__link\" href=\"https:\/\/www.colescba.org.ar\/portal\/novedades\/congreso-catastral-del-bicentenario-31-08-2026\" tabindex=\"-1\" ><div class=\"elementor-post__thumbnail\"><img loading=\"lazy\" decoding=\"async\" width=\"768\" height=\"512\" src=\"https:\/\/www.colescba.org.ar\/portal\/wp-content\/uploads\/2026\/08\/congreso-catastral-del-bicentenario-noticia-768x512.jpg\" class=\"attachment-medium_large size-medium_large wp-image-66124\" alt=\"\" srcset=\"https:\/\/www.colescba.org.ar\/portal\/wp-content\/uploads\/2026\/08\/congreso-catastral-del-bicentenario-noticia-768x512.jpg 768w, https:\/\/www.colescba.org.ar\/portal\/wp-content\/uploads\/2026\/08\/congreso-catastral-del-bicentenario-noticia-300x200.jpg 300w, https:\/\/www.colescba.org.ar\/portal\/wp-content\/uploads\/2026\/08\/congreso-catastral-del-bicentenario-noticia-1024x683.jpg 1024w, https:\/\/www.colescba.org.ar\/portal\/wp-content\/uploads\/2026\/08\/congreso-catastral-del-bicentenario-noticia-50x33.jpg 50w, https:\/\/www.colescba.org.ar\/portal\/wp-content\/uploads\/2026\/08\/congreso-catastral-del-bicentenario-noticia-1600x1067.jpg 1600w, https:\/\/www.colescba.org.ar\/portal\/wp-content\/uploads\/2026\/08\/congreso-catastral-del-bicentenario-noticia-1536x1024.jpg 1536w, https:\/\/www.colescba.org.ar\/portal\/wp-content\/uploads\/2026\/08\/congreso-catastral-del-bicentenario-noticia.jpg 1920w\" sizes=\"(max-width: 768px) 100vw, 768px\" \/><\/div><\/a>\n\t\t\t\t<div class=\"elementor-post__badge\">Novedades<\/div>\n\t\t\t\t<div class=\"elementor-post__text\">\n\t\t\t\t<h3 class=\"elementor-post__title\">\n\t\t\t<a href=\"https:\/\/www.colescba.org.ar\/portal\/novedades\/congreso-catastral-del-bicentenario-31-08-2026\" >\n\t\t\t\tCongreso Catastral del Bicentenario\t\t\t<\/a>\n\t\t<\/h3>\n\t\t\t\t<div class=\"elementor-post__excerpt\">\n\t\t\t<p>Desde el 31 de agosto, con la presencia de escribanos bonaerenses, se desarrolla el Congreso Catastral del Bicentenario, organizado por el Consejo Profesional de Agrimensura<\/p>\n\t\t<\/div>\n\t\t\n\t\t<a class=\"elementor-post__read-more\" href=\"https:\/\/www.colescba.org.ar\/portal\/novedades\/congreso-catastral-del-bicentenario-31-08-2026\" aria-label=\"M\u00e1s informaci\u00f3n sobre Congreso Catastral del Bicentenario\" tabindex=\"-1\" >\n\t\t\tVer m\u00e1s +\t\t<\/a>\n\n\t\t\t\t<\/div>\n\t\t\t\t<div class=\"elementor-post__meta-data\">\n\t\t\t\t\t<span class=\"elementor-post-date\">\n\t\t\t31 de agosto de 2026\t\t<\/span>\n\t\t\t\t<\/div>\n\t\t\t\t\t<\/div>\n\t\t<\/article>\n\t\t\t\t<article class=\"elementor-post elementor-grid-item post-64952 post type-post status-publish format-standard has-post-thumbnail hentry category-novedades\">\n\t\t\t<div class=\"elementor-post__card\">\n\t\t\t\t<a class=\"elementor-post__thumbnail__link\" href=\"https:\/\/www.colescba.org.ar\/portal\/novedades\/asuncion-de-autoridades-en-las-delegaciones-31-08-2026\" tabindex=\"-1\" ><div class=\"elementor-post__thumbnail\"><img loading=\"lazy\" decoding=\"async\" width=\"768\" height=\"512\" src=\"https:\/\/www.colescba.org.ar\/portal\/wp-content\/uploads\/2026\/08\/asunciones-san-martin-san-isidro-768x512.jpg\" class=\"attachment-medium_large size-medium_large wp-image-66120\" alt=\"\" srcset=\"https:\/\/www.colescba.org.ar\/portal\/wp-content\/uploads\/2026\/08\/asunciones-san-martin-san-isidro-768x512.jpg 768w, https:\/\/www.colescba.org.ar\/portal\/wp-content\/uploads\/2026\/08\/asunciones-san-martin-san-isidro-300x200.jpg 300w, https:\/\/www.colescba.org.ar\/portal\/wp-content\/uploads\/2026\/08\/asunciones-san-martin-san-isidro-1024x683.jpg 1024w, https:\/\/www.colescba.org.ar\/portal\/wp-content\/uploads\/2026\/08\/asunciones-san-martin-san-isidro-50x33.jpg 50w, https:\/\/www.colescba.org.ar\/portal\/wp-content\/uploads\/2026\/08\/asunciones-san-martin-san-isidro-1600x1067.jpg 1600w, https:\/\/www.colescba.org.ar\/portal\/wp-content\/uploads\/2026\/08\/asunciones-san-martin-san-isidro-1536x1024.jpg 1536w, https:\/\/www.colescba.org.ar\/portal\/wp-content\/uploads\/2026\/08\/asunciones-san-martin-san-isidro.jpg 1920w\" sizes=\"(max-width: 768px) 100vw, 768px\" \/><\/div><\/a>\n\t\t\t\t<div class=\"elementor-post__badge\">Novedades<\/div>\n\t\t\t\t<div class=\"elementor-post__text\">\n\t\t\t\t<h3 class=\"elementor-post__title\">\n\t\t\t<a href=\"https:\/\/www.colescba.org.ar\/portal\/novedades\/asuncion-de-autoridades-en-las-delegaciones-31-08-2026\" >\n\t\t\t\tAsunci\u00f3n de Autoridades en las delegaciones\t\t\t<\/a>\n\t\t<\/h3>\n\t\t\t\t<div class=\"elementor-post__excerpt\">\n\t\t\t<p>En el marco de la renovaci\u00f3n de autoridades para el per\u00edodo 2026-2028, y tras el juramento de los integrantes del Consejo Directivo del Colegio y<\/p>\n\t\t<\/div>\n\t\t\n\t\t<a class=\"elementor-post__read-more\" href=\"https:\/\/www.colescba.org.ar\/portal\/novedades\/asuncion-de-autoridades-en-las-delegaciones-31-08-2026\" aria-label=\"M\u00e1s informaci\u00f3n sobre Asunci\u00f3n de Autoridades en las delegaciones\" tabindex=\"-1\" >\n\t\t\tVer m\u00e1s +\t\t<\/a>\n\n\t\t\t\t<\/div>\n\t\t\t\t<div class=\"elementor-post__meta-data\">\n\t\t\t\t\t<span class=\"elementor-post-date\">\n\t\t\t31 de agosto de 2026\t\t<\/span>\n\t\t\t\t<\/div>\n\t\t\t\t\t<\/div>\n\t\t<\/article>\n\t\t\t\t<article class=\"elementor-post elementor-grid-item post-66129 post type-post status-publish format-standard has-post-thumbnail hentry category-novedades\">\n\t\t\t<div class=\"elementor-post__card\">\n\t\t\t\t<a class=\"elementor-post__thumbnail__link\" href=\"https:\/\/www.colescba.org.ar\/portal\/novedades\/fallecimiento-del-notario-eduardo-justo-cosola-31-08-2026\" tabindex=\"-1\" ><div class=\"elementor-post__thumbnail\"><img loading=\"lazy\" decoding=\"async\" width=\"768\" height=\"512\" src=\"https:\/\/www.colescba.org.ar\/portal\/wp-content\/uploads\/2026\/08\/WhatsApp-Image-2026-08-31-at-2.16.22-PM-768x512.jpeg\" class=\"attachment-medium_large size-medium_large wp-image-66132\" alt=\"\" srcset=\"https:\/\/www.colescba.org.ar\/portal\/wp-content\/uploads\/2026\/08\/WhatsApp-Image-2026-08-31-at-2.16.22-PM-768x512.jpeg 768w, https:\/\/www.colescba.org.ar\/portal\/wp-content\/uploads\/2026\/08\/WhatsApp-Image-2026-08-31-at-2.16.22-PM-300x200.jpeg 300w, https:\/\/www.colescba.org.ar\/portal\/wp-content\/uploads\/2026\/08\/WhatsApp-Image-2026-08-31-at-2.16.22-PM-1024x683.jpeg 1024w, https:\/\/www.colescba.org.ar\/portal\/wp-content\/uploads\/2026\/08\/WhatsApp-Image-2026-08-31-at-2.16.22-PM-50x33.jpeg 50w, https:\/\/www.colescba.org.ar\/portal\/wp-content\/uploads\/2026\/08\/WhatsApp-Image-2026-08-31-at-2.16.22-PM.jpeg 1440w\" sizes=\"(max-width: 768px) 100vw, 768px\" \/><\/div><\/a>\n\t\t\t\t<div class=\"elementor-post__badge\">Novedades<\/div>\n\t\t\t\t<div class=\"elementor-post__text\">\n\t\t\t\t<h3 class=\"elementor-post__title\">\n\t\t\t<a href=\"https:\/\/www.colescba.org.ar\/portal\/novedades\/fallecimiento-del-notario-eduardo-justo-cosola-31-08-2026\" >\n\t\t\t\tFallecimiento del notario Eduardo Justo Cosola\t\t\t<\/a>\n\t\t<\/h3>\n\t\t\t\t<div class=\"elementor-post__excerpt\">\n\t\t\t<p>Con profundo pesar, el Colegio de Escribanos de la Provincia de Buenos Aires y su Caja de Seguridad Social comunican el fallecimiento del escribano Eduardo<\/p>\n\t\t<\/div>\n\t\t\n\t\t<a class=\"elementor-post__read-more\" href=\"https:\/\/www.colescba.org.ar\/portal\/novedades\/fallecimiento-del-notario-eduardo-justo-cosola-31-08-2026\" aria-label=\"M\u00e1s informaci\u00f3n sobre Fallecimiento del notario Eduardo Justo Cosola\" tabindex=\"-1\" >\n\t\t\tVer m\u00e1s +\t\t<\/a>\n\n\t\t\t\t<\/div>\n\t\t\t\t<div class=\"elementor-post__meta-data\">\n\t\t\t\t\t<span class=\"elementor-post-date\">\n\t\t\t31 de agosto de 2026\t\t<\/span>\n\t\t\t\t<\/div>\n\t\t\t\t\t<\/div>\n\t\t<\/article>\n\t\t\t\t<\/div>\n\t\t\n\t\t\t\t<div class=\"e-load-more-anchor\" data-page=\"1\" data-max-page=\"98\" data-next-page=\"https:\/\/www.colescba.org.ar\/portal\/wp-json\/wp\/v2\/pages\/48759\/page\/2\"><\/div>\n\t\t\t\t<nav class=\"elementor-pagination\" aria-label=\"Paginaci\u00f3n\">\n\t\t\t<span class=\"page-numbers prev\">&laquo; Anterior<\/span>\n<span aria-current=\"page\" class=\"page-numbers current\"><span class=\"elementor-screen-only\">P\u00e1gina<\/span>1<\/span>\n<a class=\"page-numbers\" href=\"https:\/\/www.colescba.org.ar\/portal\/wp-json\/wp\/v2\/pages\/48759\/page\/2\"><span class=\"elementor-screen-only\">P\u00e1gina<\/span>2<\/a>\n<a class=\"page-numbers\" href=\"https:\/\/www.colescba.org.ar\/portal\/wp-json\/wp\/v2\/pages\/48759\/page\/3\"><span class=\"elementor-screen-only\">P\u00e1gina<\/span>3<\/a>\n<span class=\"page-numbers dots\">&hellip;<\/span>\n<a class=\"page-numbers\" href=\"https:\/\/www.colescba.org.ar\/portal\/wp-json\/wp\/v2\/pages\/48759\/page\/98\"><span class=\"elementor-screen-only\">P\u00e1gina<\/span>98<\/a>\n<a class=\"page-numbers next\" href=\"https:\/\/www.colescba.org.ar\/portal\/wp-json\/wp\/v2\/pages\/48759\/page\/2\">Siguiente &raquo;<\/a>\t\t<\/nav>\n\t\t\t\t<\/div>\n\t\t\t\t<\/div>\n\t\t\t\t\t<\/div>\n\t\t<\/div>\n\t\t\t\t\t<\/div>\n\t\t<\/section>\n\t\t\t\t<\/div>\n\t\t","protected":false},"excerpt":{"rendered":"<p>Novedades<\/p>\n","protected":false},"author":5,"featured_media":23074,"parent":0,"menu_order":0,"comment_status":"closed","ping_status":"closed","template":"","meta":{"footnotes":""},"class_list":["post-48759","page","type-page","status-publish","has-post-thumbnail","hentry"],"acf":[],"_links":{"self":[{"href":"https:\/\/www.colescba.org.ar\/portal\/wp-json\/wp\/v2\/pages\/48759","targetHints":{"allow":["GET"]}}],"collection":[{"href":"https:\/\/www.colescba.org.ar\/portal\/wp-json\/wp\/v2\/pages"}],"about":[{"href":"https:\/\/www.colescba.org.ar\/portal\/wp-json\/wp\/v2\/types\/page"}],"author":[{"embeddable":true,"href":"https:\/\/www.colescba.org.ar\/portal\/wp-json\/wp\/v2\/users\/5"}],"replies":[{"embeddable":true,"href":"https:\/\/www.colescba.org.ar\/portal\/wp-json\/wp\/v2\/comments?post=48759"}],"version-history":[{"count":7,"href":"https:\/\/www.colescba.org.ar\/portal\/wp-json\/wp\/v2\/pages\/48759\/revisions"}],"predecessor-version":[{"id":48769,"href":"https:\/\/www.colescba.org.ar\/portal\/wp-json\/wp\/v2\/pages\/48759\/revisions\/48769"}],"wp:featuredmedia":[{"embeddable":true,"href":"https:\/\/www.colescba.org.ar\/portal\/wp-json\/wp\/v2\/media\/23074"}],"wp:attachment":[{"href":"https:\/\/www.colescba.org.ar\/portal\/wp-json\/wp\/v2\/media?parent=48759"}],"curies":[{"name":"wp","href":"https:\/\/api.w.org\/{rel}","templated":true}]}}